{"id":2851,"date":"2021-02-09T11:06:48","date_gmt":"2021-02-09T10:06:48","guid":{"rendered":"https:\/\/www.idr-freiburg.de\/content\/?page_id=2851"},"modified":"2026-02-23T17:16:17","modified_gmt":"2026-02-23T16:16:17","slug":"kontakt-anmeldung","status":"publish","type":"page","link":"https:\/\/www.idr-freiburg.de\/content\/kontakt-anmeldung\/","title":{"rendered":"Kontakt\/Anmeldung"},"content":{"rendered":"<p>[et_pb_section fb_built=&#8220;1&#8243; fullwidth=&#8220;on&#8220; disabled_on=&#8220;on|off|off&#8220; admin_label=&#8220;Sektion FullHeader Desktop + Tablet&#8220; _builder_version=&#8220;4.16&#8243; background_color=&#8220;#000000&#8243; custom_padding=&#8220;|||&#8220; collapsed=&#8220;on&#8220; global_colors_info=&#8220;{}&#8220;][et_pb_fullwidth_header title=&#8220;einfach. anmelden.&#8220; header_fullscreen=&#8220;on&#8220; header_scroll_down=&#8220;on&#8220; scroll_down_icon=&#8220;%%7%%&#8220; scroll_down_icon_color=&#8220;#FFFFFF&#8220; background_overlay_color=&#8220;rgba(0,0,0,0.1)&#8220; title_tablet=&#8220;Radiologie. Seit 1980.&#8220; title_phone=&#8220;Radiologie. Seit 1980.&#8220; title_last_edited=&#8220;off|phone&#8220; content_max_width_last_edited=&#8220;off|desktop&#8220; admin_label=&#8220;Contents&#8220; _builder_version=&#8220;4.16&#8243; title_font=&#8220;|600|||||||&#8220; title_font_size=&#8220;60px&#8220; title_line_height=&#8220;1.5em&#8220; subhead_font=&#8220;Nunito|600|||||||&#8220; subhead_font_size=&#8220;20px&#8220; subhead_line_height=&#8220;1.9em&#8220; background_color=&#8220;rgba(255, 255, 255, 0)&#8220; background_image=&#8220;https:\/\/www.idr-freiburg.de\/content\/wp-content\/uploads\/2021\/05\/iStock-937980630-Frau-am-Handy-filadendron-1920&#215;1080-1.jpg&#8220; background_position=&#8220;top_center&#8220; custom_button_one=&#8220;on&#8220; button_one_text_size=&#8220;15px&#8220; button_one_bg_color=&#8220;#dca57d&#8220; button_one_border_width=&#8220;10px&#8220; button_one_border_color=&#8220;#dca57d&#8220; button_one_border_radius=&#8220;0px&#8220; button_one_letter_spacing=&#8220;3px&#8220; button_one_font=&#8220;Oswald|||on|&#8220; button_one_use_icon=&#8220;off&#8220; custom_padding=&#8220;||||false|false&#8220; animation_style=&#8220;fade&#8220; animation_starting_opacity=&#8220;50%&#8220; animation_speed_curve=&#8220;ease-in&#8220; title_text_align_last_edited=&#8220;off|desktop&#8220; title_font_size_tablet=&#8220;43px&#8220; title_font_size_phone=&#8220;33px&#8220; title_font_size_last_edited=&#8220;on|phone&#8220; background_last_edited=&#8220;off|desktop&#8220; background_image_tablet=&#8220;https:\/\/www.idr-freiburg.de\/content\/wp-content\/uploads\/2021\/05\/male-and-female-dentists-discussing-xray-image-picture-id806402534.jpg&#8220; background_enable_image_tablet=&#8220;on&#8220; background_size_tablet=&#8220;cover&#8220; background_size_phone=&#8220;cover&#8220; background_position_tablet=&#8220;center&#8220; background_position_phone=&#8220;center&#8220; title_text_shadow_style=&#8220;preset2&#8243; button_one_border_color_hover=&#8220;#c99872&#8243; button_one_border_radius_hover=&#8220;0px&#8220; button_one_letter_spacing_hover=&#8220;3px&#8220; button_one_bg_color_hover=&#8220;#c99872&#8243; global_colors_info=&#8220;{}&#8220; button_one_text_size__hover_enabled=&#8220;off&#8220; button_two_text_size__hover_enabled=&#8220;off&#8220; button_one_text_color__hover_enabled=&#8220;off&#8220; button_two_text_color__hover_enabled=&#8220;off&#8220; button_one_border_width__hover_enabled=&#8220;off&#8220; button_two_border_width__hover_enabled=&#8220;off&#8220; button_one_border_color__hover_enabled=&#8220;on&#8220; button_one_border_color__hover=&#8220;#c99872&#8243; button_two_border_color__hover_enabled=&#8220;off&#8220; button_one_border_radius__hover_enabled=&#8220;on&#8220; button_one_border_radius__hover=&#8220;0px&#8220; button_two_border_radius__hover_enabled=&#8220;off&#8220; button_one_letter_spacing__hover_enabled=&#8220;on&#8220; button_one_letter_spacing__hover=&#8220;3px&#8220; button_two_letter_spacing__hover_enabled=&#8220;off&#8220; button_one_bg_color__hover_enabled=&#8220;on&#8220; button_one_bg_color__hover=&#8220;#c99872&#8243; button_two_bg_color__hover_enabled=&#8220;off&#8220;][\/et_pb_fullwidth_header][\/et_pb_section][et_pb_section fb_built=&#8220;1&#8243; disabled_on=&#8220;off|on|on&#8220; admin_label=&#8220;Sektion FullHeader Phone&#8220; _builder_version=&#8220;4.16&#8243; _module_preset=&#8220;default&#8220; background_enable_image=&#8220;off&#8220; custom_margin=&#8220;|||0px|false|false&#8220; custom_padding=&#8220;0px||0px|0px|false|false&#8220; collapsed=&#8220;on&#8220; global_colors_info=&#8220;{}&#8220;][et_pb_row _builder_version=&#8220;4.16&#8243; _module_preset=&#8220;default&#8220; width=&#8220;100%&#8220; max_width=&#8220;100%&#8220; custom_margin=&#8220;0px||||false|false&#8220; custom_padding=&#8220;0px||0px||false|false&#8220; global_colors_info=&#8220;{}&#8220;][et_pb_column type=&#8220;4_4&#8243; _builder_version=&#8220;4.16&#8243; _module_preset=&#8220;default&#8220; global_colors_info=&#8220;{}&#8220;][dvmd_image_box image_url=&#8220;https:\/\/www.idr-freiburg.de\/content\/wp-content\/uploads\/2021\/05\/iStock-937980630-Frau-am-Handy-filadendron-1920&#215;1080-1.jpg&#8220; image_blend_mode=&#8220;multiply&#8220; image_position_preset_x=&#8220;90%&#8220; image_box_size_preset=&#8220;80%&#8220; image_box_background=&#8220;RGBA(0,0,0,0)&#8220; text_padding=&#8220;||||false|false&#8220; title_padding=&#8220;||||false|false&#8220; admin_label=&#8220;Image Box &#8211; FullHeader-Bild \/ Anmeldung&#8220; _builder_version=&#8220;4.16&#8243; _module_preset=&#8220;default&#8220; background_enable_color=&#8220;off&#8220; custom_margin=&#8220;||||false|false&#8220; custom_padding=&#8220;||||false|false&#8220; global_colors_info=&#8220;{%22gcid-96b88229-da64-4f14-afa5-f3d47a8141ef%22:%91%22colorStart%22%93,%22gcid-53e92c0e-97f5-495d-b4a1-555cac7700e6%22:%91%93}&#8220;][\/dvmd_image_box][et_pb_text admin_label=&#8220;Text Header Seite&#8220; _builder_version=&#8220;4.16&#8243; _module_preset=&#8220;default&#8220; header_font=&#8220;|600|||||||&#8220; header_text_color=&#8220;gcid-53e92c0e-97f5-495d-b4a1-555cac7700e6&#8243; header_font_size=&#8220;34px&#8220; text_orientation=&#8220;center&#8220; custom_margin=&#8220;||||false|false&#8220; global_colors_info=&#8220;{%22gcid-53e92c0e-97f5-495d-b4a1-555cac7700e6%22:%91%22header_text_color%22%93}&#8220;]<\/p>\n<h1>einfach. anmelden.<\/h1>\n<p>[\/et_pb_text][\/et_pb_column][\/et_pb_row][\/et_pb_section][et_pb_section fb_built=&#8220;1&#8243; custom_padding_last_edited=&#8220;on|desktop&#8220; admin_label=&#8220;Sektion KontaktAuswahl&#8220; module_id=&#8220;kontaktauswahl&#8220; _builder_version=&#8220;4.27.0&#8243; _module_preset=&#8220;default&#8220; background_color=&#8220;RGBA(0,0,0,0)&#8220; custom_margin=&#8220;50px||||false|false&#8220; custom_margin_tablet=&#8220;20px||||false|false&#8220; custom_margin_phone=&#8220;0px||||false|false&#8220; custom_margin_last_edited=&#8220;on|phone&#8220; custom_padding=&#8220;||||false|false&#8220; custom_padding_tablet=&#8220;10px||||false|false&#8220; custom_padding_phone=&#8220;30px||||false|false&#8220; collapsed=&#8220;off&#8220; global_colors_info=&#8220;{}&#8220;][et_pb_row column_structure=&#8220;1_4,1_4,1_4,1_4&#8243; use_custom_gutter=&#8220;on&#8220; gutter_width=&#8220;2&#8243; make_equal=&#8220;on&#8220; admin_label=&#8220;Zeile KontaktAuswahl&#8220; _builder_version=&#8220;4.27.0&#8243; _module_preset=&#8220;default&#8220; collapsed=&#8220;off&#8220; global_colors_info=&#8220;{}&#8220;][et_pb_column type=&#8220;1_4&#8243; _builder_version=&#8220;4.17.4&#8243; _module_preset=&#8220;default&#8220; global_colors_info=&#8220;{}&#8220;][et_pb_text content_phone=&#8220;<\/p>\n<h2 style=%22text-align: center;%22>Telefonische Sprechzeiten<\/h2>\n<p>&#8220; content_last_edited=&#8220;off|desktop&#8220; admin_label=&#8220;Headline \/ Terminvergabe&#8220; _builder_version=&#8220;4.27.0&#8243; text_font=&#8220;||||||||&#8220; link_font=&#8220;||||||||&#8220; ul_font=&#8220;||||||||&#8220; ol_font=&#8220;||||||||&#8220; quote_font=&#8220;||||||||&#8220; header_font=&#8220;|||on|||||&#8220; header_text_color=&#8220;#FFFFFF&#8220; header_2_font=&#8220;|600|||||||&#8220; header_2_text_align=&#8220;left&#8220; header_2_text_color=&#8220;#FFFFFF&#8220; header_2_font_size=&#8220;32px&#8220; background_color=&#8220;rgba(102,102,102,0.6)&#8220; background_layout=&#8220;dark&#8220; custom_margin_last_edited=&#8220;off|desktop&#8220; custom_padding=&#8220;10px|5px|10px|25px|false|false&#8220; custom_padding_tablet=&#8220;&#8220; custom_padding_phone=&#8220;10px|||20px|false|false&#8220; custom_padding_last_edited=&#8220;on|phone&#8220; header_2_text_align_tablet=&#8220;&#8220; header_2_text_align_phone=&#8220;&#8220; header_2_text_align_last_edited=&#8220;on|phone&#8220; header_2_font_size_tablet=&#8220;&#8220; header_2_font_size_phone=&#8220;30px&#8220; header_2_font_size_last_edited=&#8220;on|phone&#8220; locked=&#8220;off&#8220; global_colors_info=&#8220;{%22gcid-0ed248c1-eb15-4424-954a-cbcb8467f2ad%22:%91%93,%22gcid-96b88229-da64-4f14-afa5-f3d47a8141ef%22:%91%93}&#8220;]<\/p>\n<h2 style=\"text-align: left;\">Terminvergabe: <span style=\"white-space:nowrap;\">Sie haben<\/span> <span style=\"white-space:nowrap;\">die Wahl.<\/span><\/h2>\n<p>[\/et_pb_text][\/et_pb_column][et_pb_column type=&#8220;1_4&#8243; module_id=&#8220;formular&#8220; _builder_version=&#8220;4.27.0&#8243; _dynamic_attributes=&#8220;link_option_url&#8220; _module_preset=&#8220;default&#8220; background_color=&#8220;RGBA(255,255,255,0)&#8220; link_option_url=&#8220;@ET-DC@eyJkeW5hbWljIjp0cnVlLCJjb250ZW50IjoicG9zdF9saW5rX3VybF9wYWdlIiwic2V0dGluZ3MiOnsicG9zdF9pZCI6IjIzMDY0MCJ9fQ==@&#8220; background_last_edited=&#8220;off|desktop&#8220; global_colors_info=&#8220;{}&#8220; background__hover_enabled=&#8220;on|hover&#8220; background_color__hover=&#8220;#ececec&#8220; background_enable_color__hover=&#8220;on&#8220;][et_pb_button button_url=&#8220;@ET-DC@eyJkeW5hbWljIjp0cnVlLCJjb250ZW50IjoicG9zdF9saW5rX3VybF9wYWdlIiwic2V0dGluZ3MiOnsicG9zdF9pZCI6IjIzMDY0MCJ9fQ==@&#8220; button_text=&#8220;Online-Terminbuchung&#8220; admin_label=&#8220;Button \/ Online-Termin&#8220; _builder_version=&#8220;4.27.5&#8243; _dynamic_attributes=&#8220;button_url&#8220; _module_preset=&#8220;default&#8220; custom_padding=&#8220;|5px||5px|false|false&#8220; custom_css_main_element=&#8220;width: 100%;&#8220; global_colors_info=&#8220;{}&#8220;][\/et_pb_button][et_pb_text admin_label=&#8220;Text \/ Online-Termin&#8220; _builder_version=&#8220;4.27.5&#8243; _module_preset=&#8220;default&#8220; text_text_color=&#8220;#000000&#8243; text_line_height=&#8220;1.5em&#8220; global_colors_info=&#8220;{}&#8220;]<\/p>\n<p><strong>Terminbuchung ohne Wartezeit.<\/strong><\/p>\n<p>Unsere Online-Terminbuchung steht <strong>allen<\/strong> Patienten zur Verf\u00fcgung \u2013 f\u00fcr gesetzlich Versicherte, Privatpatienten, Selbstzahlende sowie BG-F\u00e4lle.<\/p>\n<p><strong>Hinweis \u2013\u00a0<\/strong><strong>Achten Sie bitte auf Ihren Versicherungsstatus:<\/strong><\/p>\n<ul>\n<li>Kasse: alle gesetzlichen Krankenkassen (GKV)<\/li>\n<li>Privat: Privatversicherte, Selbstzahler (z.B. IGeL) oder BG-F\u00e4lle<\/li>\n<\/ul>\n<p>Wenn Sie einen Termin als Privatpatient, Selbstzahler oder im Rahmen eines BG-Falls online buchen, erfolgt die Abrechnung privat\u00e4rztlich. Dies gilt auch dann, wenn am Untersuchungstag ein kassen\u00e4rztlicher \u00dcberweisungsschein (GKV) vorgelegt wird.<\/p>\n<p>[\/et_pb_text][\/et_pb_column][et_pb_column type=&#8220;1_4&#8243; module_id=&#8220;formular&#8220; _builder_version=&#8220;4.27.0&#8243; _module_preset=&#8220;default&#8220; background_color=&#8220;RGBA(255,255,255,0)&#8220; link_option_url=&#8220;#telefondurchwahl&#8220; global_colors_info=&#8220;{}&#8220; background_color__hover=&#8220;#ececec&#8220; background__hover_enabled=&#8220;on|hover&#8220; background_enable_color__hover=&#8220;on&#8220;][et_pb_button button_url=&#8220;#telefondurchwahl&#8220; button_text=&#8220;Telefonische Terminbuchung&#8220; admin_label=&#8220;Button \/ Telefon-Termin&#8220; _builder_version=&#8220;4.27.5&#8243; _module_preset=&#8220;default&#8220; custom_padding=&#8220;|5px||5px|false|false&#8220; custom_css_main_element=&#8220;width: 100%;&#8220; global_colors_info=&#8220;{}&#8220;][\/et_pb_button][et_pb_text admin_label=&#8220;Text \/ Telefon-Termin&#8220; _builder_version=&#8220;4.27.0&#8243; _module_preset=&#8220;default&#8220; text_text_color=&#8220;#000000&#8243; text_line_height=&#8220;1.5em&#8220; global_colors_info=&#8220;{}&#8220;]<\/p>\n<p><strong>Unser telefonischer Terminvergabe-Service.<\/strong><\/p>\n<p>Hier finden Sie die entsprechenden Telefonnummern, wenn sie einen Termin vereinbaren mo\u0308chten oder eine telefonische Beratung brauchen.<\/p>\n<p><strong>Hinweis:<\/strong> <br \/>Aufgrund des teils sehr hohen Aufkommens an Telefonaten kann es leider manchmal zu Wartezeiten kommen. Versuchen Sie es gerne auch zu den meist ruhigeren Randzeiten.<\/p>\n<p>[\/et_pb_text][\/et_pb_column][et_pb_column type=&#8220;1_4&#8243; module_id=&#8220;formular&#8220; _builder_version=&#8220;4.27.0&#8243; _module_preset=&#8220;default&#8220; background_color=&#8220;RGBA(255,255,255,0)&#8220; link_option_url=&#8220;#kontaktformular&#8220; global_colors_info=&#8220;{}&#8220; background_color__hover=&#8220;#ececec&#8220; background__hover_enabled=&#8220;on|hover&#8220; background_enable_color__hover=&#8220;on&#8220;][et_pb_button button_url=&#8220;#kontaktformular&#8220; button_text=&#8220;E-Mail Kontaktformular&#8220; admin_label=&#8220;Button \/ Kontakt-Formular&#8220; _builder_version=&#8220;4.27.5&#8243; _module_preset=&#8220;default&#8220; custom_padding=&#8220;|5px||5px|false|false&#8220; custom_css_main_element=&#8220;width: 100%;&#8220; global_colors_info=&#8220;{}&#8220;][\/et_pb_button][et_pb_text admin_label=&#8220;Text \/ Kontakt-Formular&#8220; _builder_version=&#8220;4.27.5&#8243; _module_preset=&#8220;default&#8220; text_text_color=&#8220;#000000&#8243; text_line_height=&#8220;1.5em&#8220; global_colors_info=&#8220;{}&#8220;]<\/p>\n<p><strong>Unser elektronisches Kontaktformular<\/strong><\/p>\n<p>Hier ko\u0308nnen Sie in Ruhe u\u0308ber das Kontaktfomular mit uns in Verbindung treten und uns Ihr Anliegen schildern.<\/p>\n<p>Wir werden uns so bald wie mo\u0308glich mit Ihnen in Verbindung setzen.<\/p>\n<p>[\/et_pb_text][\/et_pb_column][\/et_pb_row][\/et_pb_section][et_pb_section fb_built=&#8220;1&#8243; custom_padding_last_edited=&#8220;on|desktop&#8220; admin_label=&#8220;Sektion Telefon-Durchwahl&#8220; _builder_version=&#8220;4.27.0&#8243; background_color=&#8220;#D8D8D8&#8243; custom_margin=&#8220;50px||||false|false&#8220; custom_margin_tablet=&#8220;20px||||false|false&#8220; custom_margin_phone=&#8220;0px||||false|false&#8220; custom_margin_last_edited=&#8220;on|phone&#8220; custom_padding=&#8220;||||false|false&#8220; custom_padding_tablet=&#8220;10px||||false|false&#8220; custom_padding_phone=&#8220;30px||||false|false&#8220; collapsed=&#8220;on&#8220; global_colors_info=&#8220;{}&#8220;][et_pb_row column_structure=&#8220;2_5,3_5&#8243; use_custom_gutter=&#8220;on&#8220; gutter_width=&#8220;2&#8243; make_equal=&#8220;on&#8220; _builder_version=&#8220;4.16&#8243; width_tablet=&#8220;100%&#8220; width_phone=&#8220;&#8220; width_last_edited=&#8220;on|desktop&#8220; custom_margin=&#8220;||||false|false&#8220; custom_padding=&#8220;0px||0px||false|false&#8220; collapsed=&#8220;on&#8220; global_colors_info=&#8220;{}&#8220;][et_pb_column type=&#8220;2_5&#8243; admin_label=&#8220;Spalte Adresse&#8220; _builder_version=&#8220;4.16&#8243; background_color=&#8220;RGBA(0,0,0,0)&#8220; custom_padding=&#8220;||80px||false|false&#8220; custom_padding_tablet=&#8220;|10%||10%|false|false&#8220; custom_padding_phone=&#8220;&#8220; custom_padding_last_edited=&#8220;on|desktop&#8220; global_colors_info=&#8220;{%22gcid-96b88229-da64-4f14-afa5-f3d47a8141ef%22:%91%93}&#8220;][et_pb_text content_phone=&#8220;<\/p>\n<h2 style=%22text-align: center;%22>Telefonische Sprechzeiten<\/h2>\n<p>&#8220; content_last_edited=&#8220;off|desktop&#8220; admin_label=&#8220;Headline \/ Praxiszeiten&#8220; _builder_version=&#8220;4.27.0&#8243; text_font=&#8220;||||||||&#8220; link_font=&#8220;||||||||&#8220; ul_font=&#8220;||||||||&#8220; ol_font=&#8220;||||||||&#8220; quote_font=&#8220;||||||||&#8220; header_font=&#8220;|||on|||||&#8220; header_text_color=&#8220;#FFFFFF&#8220; header_2_font=&#8220;|600|||||||&#8220; header_2_text_align=&#8220;left&#8220; header_2_text_color=&#8220;#FFFFFF&#8220; header_2_font_size=&#8220;32px&#8220; background_color=&#8220;rgba(102,102,102,0.6)&#8220; background_layout=&#8220;dark&#8220; custom_margin=&#8220;||||false|false&#8220; custom_margin_last_edited=&#8220;off|desktop&#8220; custom_padding=&#8220;10px|5px|10px|25px|false|false&#8220; custom_padding_tablet=&#8220;&#8220; custom_padding_phone=&#8220;10px|||20px|false|false&#8220; custom_padding_last_edited=&#8220;on|phone&#8220; header_2_text_align_tablet=&#8220;&#8220; header_2_text_align_phone=&#8220;&#8220; header_2_text_align_last_edited=&#8220;on|phone&#8220; header_2_font_size_tablet=&#8220;&#8220; header_2_font_size_phone=&#8220;30px&#8220; header_2_font_size_last_edited=&#8220;on|phone&#8220; locked=&#8220;off&#8220; global_colors_info=&#8220;{%22gcid-0ed248c1-eb15-4424-954a-cbcb8467f2ad%22:%91%93,%22gcid-96b88229-da64-4f14-afa5-f3d47a8141ef%22:%91%93}&#8220;]<\/p>\n<h2 style=\"text-align: left;\">Praxiszeiten<\/h2>\n<p>[\/et_pb_text][et_pb_blurb title=&#8220;IDR praxis Freiburg&#8220; icon_alignment=&#8220;left&#8220; title_phone=&#8220;Praxis Freiburg&#8220; title_last_edited=&#8220;off|desktop&#8220; content_tablet=&#8220;<\/p>\n<p>Gartenstra\u00dfe 28, 79098 Freiburg<\/p>\n<p><strong>CT<\/strong> + <strong>MRT<\/strong><br \/>8.00 \u2013 16.30 Uhr \u2192 Montag, Dienstag, Donnerstag<br \/>8.00 \u2013 15.00 Uhr \u2192 Mittwoch und Freitag<\/p>\n<p><strong>R\u00f6ntgen<\/strong> + <strong>Sonographie<\/strong> + <strong>Mammographie<\/strong><br \/>8.00 \u2013 16.00 Uhr \u2192 Montag bis Donnerstag<br \/>8.00 \u2013 12.00 Uhr \u2192 Freitag<\/p>\n<p>&#8220; content_phone=&#8220;<\/p>\n<p>Gartenstra\u00dfe 28, 79098 Freiburg<\/p>\n<p><strong>CT<\/strong> + <strong>MRT<\/strong><br \/>Montag, Dienstag, Donnerstag:<br \/>\u2192 8.00 \u2013 16.30 Uhr<br \/>Mittwoch und Freitag:<br \/>\u2192 8.00 \u2013 15.00 Uhr<\/p>\n<p><strong>R\u00f6ntgen<\/strong> + <strong>Sonographie<\/strong> + <strong>Mammographie<\/strong><br \/>Montag bis Donnerstag:<br \/>\u2192 8.00 \u2013 16.00 Uhr<br \/>Freitag:<br \/>\u2192 8.00 \u2013 12.00 Uhr<\/p>\n<p>&#8220; content_last_edited=&#8220;on|desktop&#8220; admin_label=&#8220;InfoText \/ Praxiszeiten Freiburg&#8220; _builder_version=&#8220;4.22.2&#8243; header_level=&#8220;h3&#8243; header_font=&#8220;|700||on|||||&#8220; header_text_color=&#8220;#000000&#8243; header_font_size=&#8220;22px&#8220; body_font=&#8220;||||||||&#8220; body_text_color=&#8220;#000000&#8243; body_line_height=&#8220;1.6em&#8220; background_color=&#8220;RGBA(0,0,0,0)&#8220; custom_margin=&#8220;0px||0px||false|false&#8220; custom_margin_phone=&#8220;||10px||false|false&#8220; custom_margin_last_edited=&#8220;off|desktop&#8220; custom_padding=&#8220;20px|10px|20px|10px|false|false&#8220; custom_padding_tablet=&#8220;&#8220; custom_padding_phone=&#8220;20px||20px|20px|false|false&#8220; custom_padding_last_edited=&#8220;on|phone&#8220; background_color_phone=&#8220;RGBA(0,0,0,0)&#8220; background_enable_color_phone=&#8220;on&#8220; border_width_all=&#8220;1px&#8220; border_color_all=&#8220;#000000&#8243; border_width_bottom=&#8220;0px&#8220; border_color_bottom=&#8220;#D8D8D8&#8243; global_colors_info=&#8220;{%22gcid-53e92c0e-97f5-495d-b4a1-555cac7700e6%22:%91%93,%22gcid-2b97559a-09ab-4140-bc13-40fdf713ff2a%22:%91%93,%22gcid-96b88229-da64-4f14-afa5-f3d47a8141ef%22:%91%93}&#8220; background__hover_enabled=&#8220;off|desktop&#8220; content__hover_enabled=&#8220;off|desktop&#8220; background_layout__hover_enabled=&#8220;off|desktop&#8220; background_layout__hover=&#8220;light&#8220; header_text_color__hover_enabled=&#8220;off|hover&#8220; header_text_color__hover=&#8220;#014289&#8243; body_text_color__hover_enabled=&#8220;off|desktop&#8220; border_color_all__hover_enabled=&#8220;on|hover&#8220; border_color_all__hover=&#8220;#014289&#8243; border_width_all__hover_enabled=&#8220;on|hover&#8220; background_color__hover=&#8220;RGBA(0,0,0,0)&#8220; background_enable_color__hover=&#8220;on&#8220; content__hover=&#8220;<\/p>\n<p><span style=%22color: #000000;%22>Gartenstra\u00dfe 28, 79098 Freiburg<\/span><\/p>\n<p><span style=%22color: #000000;%22><strong>CT <\/strong>+<strong> MRT<br \/><\/strong><\/span><span style=%22color: #000000;%22>8.00 \u2013 17.00 Uhr  \u2192  Montag, Dienstag, Donnerstag<\/span><br \/><span style=%22color: #000000;%22>8.00 \u2013 15.00 Uhr  \u2192  Mittwoch und Freitag<\/span><\/p>\n<p><span style=%22color: #000000;%22><strong>R\u00f6ntgen <\/strong>+<strong> Sonographie <\/strong>+<strong> Mammographie<br \/><\/strong><\/span><span style=%22color: #000000;%22>8.00 \u2013 16.30 Uhr  \u2192  Montag, Mittwoch, Donnerstag<\/span><br \/><span style=%22color: #000000;%22>8.00 \u2013 12.30 Uhr  \u2192  Dienstag und Freitag<\/span><\/p>\n<p>&#8220; border_width_all__hover=&#8220;1px&#8220;]<\/p>\n<p>Gartenstra\u00dfe 28<br \/>\n79098 Freiburg im Breisgau<\/p>\n<p><strong>Montag bis Freitag\u00a0 \u2192\u00a0 8.00 \u2013 15.30 Uhr<\/strong><br \/>\nsowie nach Vereinbarung<\/p>\n<p>[\/et_pb_blurb][et_pb_button button_url=&#8220;@ET-DC@eyJkeW5hbWljIjp0cnVlLCJjb250ZW50IjoicG9zdF9saW5rX3VybF9wYWdlIiwic2V0dGluZ3MiOnsicG9zdF9pZCI6IjIyNzU3MSJ9fQ==@&#8220; button_text=&#8220;Wegbeschreibung&#8220; admin_label=&#8220;Btton Wegbeschreibung Freiburg&#8220; _builder_version=&#8220;4.16&#8243; _dynamic_attributes=&#8220;button_url&#8220; _module_preset=&#8220;default&#8220; button_text_color=&#8220;#000000&#8243; button_bg_color=&#8220;gcid-96b88229-da64-4f14-afa5-f3d47a8141ef&#8220; button_border_width=&#8220;1px&#8220; button_border_color=&#8220;#000000&#8243; button_border_radius=&#8220;0px&#8220; button_font=&#8220;Barlow|600|||||||&#8220; button_icon=&#8220;&#xe03e;||divi||400&#8243; button_icon_color=&#8220;#000000&#8243; button_icon_placement=&#8220;left&#8220; button_on_hover=&#8220;off&#8220; custom_padding=&#8220;|||35px|false|false&#8220; custom_css_main_element=&#8220;width:100%&#8220; global_colors_info=&#8220;{%22gcid-96b88229-da64-4f14-afa5-f3d47a8141ef%22:%91%22button_bg_color%22%93}&#8220; button_icon_color__hover_enabled=&#8220;on|hover&#8220; button_icon_color__hover=&#8220;#9DA7CF&#8220; button_bg_color__hover_enabled=&#8220;on|hover&#8220; button_bg_color__hover=&#8220;#FFFFFF&#8220; button_bg_enable_color__hover=&#8220;on&#8220; button_border_width__hover_enabled=&#8220;off|hover&#8220; button_border_color__hover_enabled=&#8220;on|hover&#8220; button_border_color__hover=&#8220;#000000&#8243;][\/et_pb_button][et_pb_blurb title=&#8220;IDR Praxis Bad Krozingen&#8220; icon_alignment=&#8220;left&#8220; title_phone=&#8220;Praxis Freiburg&#8220; title_last_edited=&#8220;off|desktop&#8220; font_icon_tablet=&#8220;&#8220; font_icon_phone=&#8220;&#8220; font_icon_last_edited=&#8220;on|phone&#8220; content_phone=&#8220;<\/p>\n<p style=%22text-align: center;%22><span style=%22color: #000000;%22><\/span><span style=%22color: #000000;%22>8.00 \u2013 15.30  \u2192  Montag &#8211; Freitag<\/span><br \/><span style=%22color: #000000;%22><\/span><span style=%22color: #000000;%22><\/span><\/p>\n<p>&#8220; content_last_edited=&#8220;off|desktop&#8220; admin_label=&#8220;InfoText \/ Praxiszeiten Bad Krozingen&#8220; _builder_version=&#8220;4.27.0&#8243; header_level=&#8220;h2&#8243; header_font=&#8220;|700||on|||||&#8220; header_text_color=&#8220;#000000&#8243; header_font_size=&#8220;22px&#8220; body_font=&#8220;||||||||&#8220; body_text_color=&#8220;#000000&#8243; body_line_height=&#8220;1.6em&#8220; background_color=&#8220;RGBA(0,0,0,0)&#8220; custom_margin=&#8220;0px||0px||false|false&#8220; custom_padding=&#8220;20px|10px|20px|10px|false|false&#8220; custom_padding_tablet=&#8220;&#8220; custom_padding_phone=&#8220;20px||20px|20px|false|false&#8220; custom_padding_last_edited=&#8220;on|phone&#8220; border_width_all=&#8220;1px&#8220; border_color_all=&#8220;#000000&#8243; border_width_bottom=&#8220;0px&#8220; border_color_bottom=&#8220;#D8D8D8&#8243; global_colors_info=&#8220;{%22gcid-53e92c0e-97f5-495d-b4a1-555cac7700e6%22:%91%93,%22gcid-2b97559a-09ab-4140-bc13-40fdf713ff2a%22:%91%93,%22gcid-96b88229-da64-4f14-afa5-f3d47a8141ef%22:%91%93}&#8220; background_color__hover=&#8220;RGBA(0,0,0,0)&#8220; background_enable_color__hover=&#8220;on&#8220; content__hover_enabled=&#8220;off|hover&#8220; background_layout__hover_enabled=&#8220;on|hover&#8220; background_layout__hover=&#8220;light&#8220; header_text_color__hover_enabled=&#8220;off|hover&#8220; header_text_color__hover=&#8220;#014289&#8243; body_text_color__hover_enabled=&#8220;on|hover&#8220; border_color_all__hover_enabled=&#8220;on|hover&#8220; border_color_all__hover=&#8220;#014289&#8243; border_width_all__hover_enabled=&#8220;on|hover&#8220; background__hover_enabled=&#8220;off|desktop&#8220; border_width_all__hover=&#8220;1px&#8220; body_text_color__hover=&#8220;#000000&#8243;]Herbert-Hellmann-Allee 3<br \/>\n(Zugang \u00fcber Westring)<br \/>\n79189 Bad Krozingen<\/p>\n<p><strong>Montag bis Freitag\u00a0 \u2192\u00a0 8.00 \u2013 15.30 Uhr<\/strong><br \/>\nsowie nach Vereinbarung[\/et_pb_blurb][et_pb_button button_url=&#8220;@ET-DC@eyJkeW5hbWljIjp0cnVlLCJjb250ZW50IjoicG9zdF9saW5rX3VybF9wYWdlIiwic2V0dGluZ3MiOnsicG9zdF9pZCI6IjIyNzU5NSJ9fQ==@&#8220; button_text=&#8220;Wegbeschreibung&#8220; admin_label=&#8220;Btton Wegbeschreibung Freiburg&#8220; _builder_version=&#8220;4.27.0&#8243; _dynamic_attributes=&#8220;button_url&#8220; _module_preset=&#8220;default&#8220; button_text_color=&#8220;#000000&#8243; button_bg_color=&#8220;gcid-96b88229-da64-4f14-afa5-f3d47a8141ef&#8220; button_border_width=&#8220;1px&#8220; button_border_color=&#8220;#000000&#8243; button_border_radius=&#8220;0px&#8220; button_font=&#8220;Barlow|600|||||||&#8220; button_icon=&#8220;&#xe03e;||divi||400&#8243; button_icon_color=&#8220;#000000&#8243; button_icon_placement=&#8220;left&#8220; button_on_hover=&#8220;off&#8220; custom_padding=&#8220;|||35px|false|false&#8220; custom_css_main_element=&#8220;width:100%&#8220; global_colors_info=&#8220;{%22gcid-96b88229-da64-4f14-afa5-f3d47a8141ef%22:%91%22button_bg_color%22%93}&#8220; button_icon_color__hover_enabled=&#8220;on|hover&#8220; button_icon_color__hover=&#8220;#9DA7CF&#8220; button_bg_color__hover_enabled=&#8220;on|hover&#8220; button_bg_color__hover=&#8220;#FFFFFF&#8220; button_bg_enable_color__hover=&#8220;on&#8220; button_border_width__hover_enabled=&#8220;off|hover&#8220; button_border_color__hover_enabled=&#8220;on|hover&#8220; button_border_color__hover=&#8220;#000000&#8243;][\/et_pb_button][\/et_pb_column][et_pb_column type=&#8220;3_5&#8243; admin_label=&#8220;Spalte Telefon&#8220; _builder_version=&#8220;4.16&#8243; background_color=&#8220;RGBA(0,0,0,0)&#8220; custom_padding=&#8220;|||0px|false|false&#8220; custom_padding_tablet=&#8220;|10%||10%|false|false&#8220; custom_padding_phone=&#8220;&#8220; custom_padding_last_edited=&#8220;on|phone&#8220; global_colors_info=&#8220;{%22gcid-96b88229-da64-4f14-afa5-f3d47a8141ef%22:%91%22background_color%22%93}&#8220;][et_pb_text content_phone=&#8220;<\/p>\n<h2 style=%22text-align: center;%22>Telefonische Anmeldung<\/h2>\n<p>&#8220; content_last_edited=&#8220;off|desktop&#8220; admin_label=&#8220;Headline \/ Telefonische Anmeldung&#8220; module_id=&#8220;telefondurchwahl&#8220; _builder_version=&#8220;4.27.0&#8243; text_font=&#8220;||||||||&#8220; link_font=&#8220;||||||||&#8220; ul_font=&#8220;||||||||&#8220; ol_font=&#8220;||||||||&#8220; quote_font=&#8220;||||||||&#8220; header_font=&#8220;|||on|||||&#8220; header_text_color=&#8220;#FFFFFF&#8220; header_2_font=&#8220;|600|||||||&#8220; header_2_text_align=&#8220;left&#8220; header_2_text_color=&#8220;#FFFFFF&#8220; header_2_font_size=&#8220;32px&#8220; background_color=&#8220;rgba(102,102,102,0.6)&#8220; background_layout=&#8220;dark&#8220; custom_margin=&#8220;||||false|false&#8220; custom_padding=&#8220;10px|5px|10px|25px|false|false&#8220; custom_padding_tablet=&#8220;&#8220; custom_padding_phone=&#8220;10px|||20px|false|false&#8220; custom_padding_last_edited=&#8220;on|phone&#8220; header_2_text_align_tablet=&#8220;&#8220; header_2_text_align_phone=&#8220;&#8220; header_2_text_align_last_edited=&#8220;on|phone&#8220; header_2_font_size_tablet=&#8220;&#8220; header_2_font_size_phone=&#8220;30px&#8220; header_2_font_size_last_edited=&#8220;on|phone&#8220; locked=&#8220;off&#8220; global_colors_info=&#8220;{%22gcid-0ed248c1-eb15-4424-954a-cbcb8467f2ad%22:%91%93,%22gcid-96b88229-da64-4f14-afa5-f3d47a8141ef%22:%91%93}&#8220;]<\/p>\n<h2 style=\"text-align: left;\">Telefonische Anmeldung<\/h2>\n<p>[\/et_pb_text][et_pb_text admin_label=&#8220;Text &#8212; Tabelle Durchwahl&#8220; module_class=&#8220;bbx-telefon-tabelle&#8220; _builder_version=&#8220;4.16&#8243; _module_preset=&#8220;default&#8220; text_line_height=&#8220;1.2em&#8220; link_text_color=&#8220;gcid-2b97559a-09ab-4140-bc13-40fdf713ff2a&#8220; header_font=&#8220;Barlow||||||||&#8220; header_4_font=&#8220;Barlow|600|||||||&#8220; header_4_text_color=&#8220;#000000&#8243; header_4_font_size=&#8220;110%&#8220; header_4_line_height=&#8220;1.8em&#8220; background_color=&#8220;#FFFFFF&#8220; custom_padding=&#8220;0px|0px|0px|0px|false|false&#8220; header_4_font_size_last_edited=&#8220;off|desktop&#8220; global_colors_info=&#8220;{%22gcid-53e92c0e-97f5-495d-b4a1-555cac7700e6%22:%91%93,%22gcid-2b97559a-09ab-4140-bc13-40fdf713ff2a%22:%91%22link_text_color%22%93}&#8220; link_text_color__hover_enabled=&#8220;on|desktop&#8220; link_text_color__hover=&#8220;#014289&#8243;]<\/p>\n\n<table id=\"tablepress-2\" class=\"tablepress tablepress-id-2 tablepress-responsive tablepress-responsive-stack-phone tbody-has-connected-cells\">\n<tbody>\n<tr class=\"row-1\">\n\t<td rowspan=\"2\" class=\"column-1\"><h4>\u2022 Privatsprechstunde (CT &amp; MRT)<\/h4><\/td><td class=\"column-2\">Freiburg<\/td><td class=\"column-3\"><a href=\"tel:+497613856514\"><span style=\"color: #000; font-size:20px; font-weight:900;\">\u21e2<\/span> (0761) 385 65-14<\/a><\/td>\n<\/tr>\n<tr class=\"row-2\">\n\t<td class=\"column-2\">Bad Krozingen<\/td><td class=\"column-3\"><a href=\"tel:+4976338069199\"><span style=\"color: #000; font-size:20px; font-weight:900;\">\u21e2<\/span> (07633) 80.69.19-9<\/a><\/td>\n<\/tr>\n<tr class=\"row-3\">\n\t<td rowspan=\"2\" class=\"column-1\"><h4>\u2022 Kernspintomographie (MRT)<br \/>\n\u2022 Computertomographie (CT)<\/h4><\/td><td class=\"column-2\">Freiburg<\/td><td class=\"column-3\"><a href=\"tel:+49761385650\"><span style=\"color: #000; font-size:20px; font-weight:900;\">\u21e2<\/span> (0761) 385 65-0<\/a><\/td>\n<\/tr>\n<tr class=\"row-4\">\n\t<td class=\"column-2\">Bad Krozingen<\/td><td class=\"column-3\"><a href=\"tel:+4976338069190\"><span style=\"color: #000; font-size:20px; font-weight:900;\">\u21e2<\/span> (07633) 80.69.19-0<\/a><\/td>\n<\/tr>\n<tr class=\"row-5\">\n\t<td rowspan=\"2\" class=\"column-1\"><h4>\u2022 Mammadiagnostik<br \/>\n\u2022 R\u00f6ntgen<br \/>\n\u2022 Sonographie (Ultraschall)<\/h4><\/td><td class=\"column-2\">Freiburg<\/td><td class=\"column-3\"><a href=\"tel:+497613856550\"><span style=\"color: #000; font-size:20px; font-weight:900;\">\u21e2<\/span> (0761) 385 65-50<\/a><\/td>\n<\/tr>\n<tr class=\"row-6\">\n\t<td class=\"column-2\">Bad Krozingen<\/td><td class=\"column-3\"><a href=\"tel:+4976338069190\"><span style=\"color: #000; font-size:20px; font-weight:900;\">\u21e2<\/span> (07633) 80.69.19-0<\/a><\/td>\n<\/tr>\n<tr class=\"row-7\">\n\t<td class=\"column-1\"><h4>\u2022 Knochendichtemessung (QCT)<\/h4><\/td><td class=\"column-2\">Freiburg<\/td><td class=\"column-3\"><a href=\"tel:+497613856514\"><span style=\"color: #000; font-size:20px; font-weight:900;\">\u21e2<\/span> (0761) 385 65-14<\/a><\/td>\n<\/tr>\n<tr class=\"row-8\">\n\t<td class=\"column-1\"><h4>\u2022 Knochendichtemessung (DEXA)<\/h4><\/td><td class=\"column-2\">Bad Krozingen<\/td><td class=\"column-3\"><a href=\"tel:+4976338069190\"><span style=\"color: #000; font-size:20px; font-weight:900;\">\u21e2<\/span> (07633) 80.69.19-0<\/a><\/td>\n<\/tr>\n<tr class=\"row-9\">\n\t<td class=\"column-1\"><h4>\u2022 CT-gesteuerte Schmerztherapie<\/h4><\/td><td class=\"column-2\">Freiburg<\/td><td class=\"column-3\"><a href=\"tel:+497613856514\"><span style=\"color: #000; font-size:20px; font-weight:900;\">\u21e2<\/span> (0761) 385 65-14<\/a><\/td>\n<\/tr>\n<tr class=\"row-10\">\n\t<td rowspan=\"2\" class=\"column-1\"><h4>\u2022 Telefax<br \/>&nbsp;&nbsp;(MRT\/CT)<\/h4><\/td><td class=\"column-2\">Freiburg<\/td><td class=\"column-3\"><a href=\"tel:+497613856533\"><span style=\"color: #000; font-size:20px; font-weight:900;\">\u21e2<\/span> (0761) 385 65-33<\/a><\/td>\n<\/tr>\n<tr class=\"row-11\">\n\t<td class=\"column-2\">Bad Krozingen<\/td><td class=\"column-3\"><a href=\"tel:+4976338069198\"><span style=\"color: #000; font-size:20px; font-weight:900;\">\u21e2<\/span> (07633) 80.69.19-8<\/a><\/td>\n<\/tr>\n<tr class=\"row-12\">\n\t<td rowspan=\"2\" class=\"column-1\"><h4>\u2022 Telefax<br \/>&nbsp;&nbsp;(R\u00f6ntgen\/Mammographie)<\/h4><\/td><td class=\"column-2\">Freiburg<\/td><td class=\"column-3\"><a href=\"tel:+497613856551\"><span style=\"color: #000; font-size:20px; font-weight:900;\">\u21e2<\/span> (0761) 385 65-51<\/a><\/td>\n<\/tr>\n<tr class=\"row-13\">\n\t<td class=\"column-2\">Bad Krozingen<\/td><td class=\"column-3\"><a href=\"tel:+4976338069198\"><span style=\"color: #000; font-size:20px; font-weight:900;\">\u21e2<\/span> (07633) 80.69.19-8<\/a><\/td>\n<\/tr>\n<\/tbody>\n<\/table>\n<!-- #tablepress-2 from cache -->\n<p>[\/et_pb_text][\/et_pb_column][\/et_pb_row][\/et_pb_section][et_pb_section fb_built=&#8220;1&#8243; custom_padding_last_edited=&#8220;on|desktop&#8220; admin_label=&#8220;Sektion Kontakt- und Anmeldeformular&#8220; _builder_version=&#8220;4.27.0&#8243; _module_preset=&#8220;default&#8220; background_color=&#8220;RGBA(0,0,0,0)&#8220; use_background_color_gradient=&#8220;on&#8220; background_color_gradient_stops=&#8220;rgba(255,255,255,0) 95%|#ececec 100%&#8220; custom_margin=&#8220;50px||||false|false&#8220; custom_margin_tablet=&#8220;20px||||false|false&#8220; custom_margin_phone=&#8220;0px||||false|false&#8220; custom_margin_last_edited=&#8220;on|phone&#8220; custom_padding=&#8220;||||false|false&#8220; custom_padding_tablet=&#8220;10px||||false|false&#8220; custom_padding_phone=&#8220;30px||||false|false&#8220; border_width_bottom=&#8220;1px&#8220; border_color_bottom=&#8220;#D8D8D8&#8243; collapsed=&#8220;off&#8220; global_colors_info=&#8220;{}&#8220;][et_pb_row column_structure=&#8220;2_5,3_5&#8243; admin_label=&#8220;Zeile KontaktFormular&#8220; _builder_version=&#8220;4.27.0&#8243; _module_preset=&#8220;default&#8220; collapsed=&#8220;off&#8220; global_colors_info=&#8220;{}&#8220;][et_pb_column type=&#8220;2_5&#8243; _builder_version=&#8220;4.17.4&#8243; _module_preset=&#8220;default&#8220; global_colors_info=&#8220;{}&#8220;][et_pb_text content_phone=&#8220;<\/p>\n<h2 style=%22text-align: center;%22>Telefonische Sprechzeiten<\/h2>\n<p>&#8220; content_last_edited=&#8220;off|desktop&#8220; admin_label=&#8220;Headline \/ Digital Kontakt-Formular&#8220; module_id=&#8220;kontaktformular&#8220; _builder_version=&#8220;4.27.0&#8243; text_font=&#8220;||||||||&#8220; link_font=&#8220;||||||||&#8220; ul_font=&#8220;||||||||&#8220; ol_font=&#8220;||||||||&#8220; quote_font=&#8220;||||||||&#8220; header_font=&#8220;|||on|||||&#8220; header_text_color=&#8220;#FFFFFF&#8220; header_2_font=&#8220;|600|||||||&#8220; header_2_text_align=&#8220;left&#8220; header_2_text_color=&#8220;#FFFFFF&#8220; header_2_font_size=&#8220;32px&#8220; background_color=&#8220;rgba(102,102,102,0.6)&#8220; background_layout=&#8220;dark&#8220; custom_margin=&#8220;18px||||false|false&#8220; custom_margin_last_edited=&#8220;off|desktop&#8220; custom_padding=&#8220;10px|5px|10px|25px|false|false&#8220; custom_padding_tablet=&#8220;&#8220; custom_padding_phone=&#8220;10px|||20px|false|false&#8220; custom_padding_last_edited=&#8220;on|desktop&#8220; header_2_text_align_tablet=&#8220;&#8220; header_2_text_align_phone=&#8220;&#8220; header_2_text_align_last_edited=&#8220;on|phone&#8220; header_2_font_size_tablet=&#8220;&#8220; header_2_font_size_phone=&#8220;30px&#8220; header_2_font_size_last_edited=&#8220;on|phone&#8220; locked=&#8220;off&#8220; global_colors_info=&#8220;{%22gcid-0ed248c1-eb15-4424-954a-cbcb8467f2ad%22:%91%93,%22gcid-96b88229-da64-4f14-afa5-f3d47a8141ef%22:%91%93}&#8220;]<\/p>\n<h2 style=\"text-align: left;\">Digital: Einfach und schnell<\/h2>\n<p>[\/et_pb_text][et_pb_text admin_label=&#8220;Text \/ Intro Kontakt-Formular&#8220; _builder_version=&#8220;4.27.5&#8243; _module_preset=&#8220;default&#8220; text_text_color=&#8220;#000000&#8243; text_line_height=&#8220;1.5em&#8220; custom_padding=&#8220;15px||||false|false&#8220; global_colors_info=&#8220;{}&#8220;]<\/p>\n<p>Vermeiden Sie lange Wartezeiten am Telefon und treten Sie einfach und schnell mit dem Formular mit uns in Kontakt.<\/p>\n<p>Termine f\u00fcr die meisten Untersuchungen k\u00f6nnen Sie \u00fcber unsere <strong><a href=\"https:\/\/www.idr-freiburg.de\/content\/kontakt-anmeldung\/onlinetermin\/\">Online-Terminbuchung<\/a><\/strong> sogar selbst aussuchen:<\/p>\n<p>[\/et_pb_text][et_pb_button button_url=&#8220;@ET-DC@eyJkeW5hbWljIjp0cnVlLCJjb250ZW50IjoicG9zdF9saW5rX3VybF9wYWdlIiwic2V0dGluZ3MiOnsicG9zdF9pZCI6IjIzMDY0MCJ9fQ==@&#8220; button_text=&#8220;Zur Online-Terminbuchung&#8220; _builder_version=&#8220;4.27.0&#8243; _dynamic_attributes=&#8220;button_url&#8220; _module_preset=&#8220;default&#8220; global_colors_info=&#8220;{}&#8220;][\/et_pb_button][et_pb_text admin_label=&#8220;Text \/ Hinweis Kontakt-Formular&#8220; _builder_version=&#8220;4.27.0&#8243; _module_preset=&#8220;default&#8220; text_text_color=&#8220;#000000&#8243; text_line_height=&#8220;1.5em&#8220; header_6_text_color=&#8220;#666666&#8243; header_6_font_size=&#8220;80%&#8220; custom_padding=&#8220;15px||||false|false&#8220; global_colors_info=&#8220;{}&#8220;]<\/p>\n<h6><small>Sobald Ihre Nachricht oder Terminanfrage uns erreicht hat, werden wir uns in K\u00fcrze bei Ihnen melden. Bitte beachten Sie, dass Terminabsprachen erst mit erfolgreicher R\u00fcckmeldung bei Ihnen best\u00e4tigt werden k\u00f6nnen.<\/small><\/h6>\n<p>[\/et_pb_text][et_pb_text disabled_on=&#8220;on|on|on&#8220; admin_label=&#8220;Text \/ Telefon-Tabelle Privatsprechstunde&#8220; _builder_version=&#8220;4.27.0&#8243; _module_preset=&#8220;default&#8220; text_text_color=&#8220;#000000&#8243; text_line_height=&#8220;1.5em&#8220; header_6_text_color=&#8220;#666666&#8243; header_6_font_size=&#8220;80%&#8220; text_orientation=&#8220;center&#8220; custom_padding=&#8220;5px||||false|false&#8220; filter_opacity=&#8220;60%&#8220; disabled=&#8220;on&#8220; locked=&#8220;off&#8220; global_colors_info=&#8220;{}&#8220;]<\/p>\n<table style=\"width: 100%; padding: 0px; border: solid 1px #333333;\">\n<tbody>\n<tr>\n<td style=\"padding: 2px;\" colspan=\"3\"><b>Privatsprechstunde<\/b><\/td>\n<\/tr>\n<tr>\n<td style=\"padding: 2px;\"><b>Praxis Freiburg<\/b><\/td>\n<td style=\"padding: 2px;\">0761 \/ 38565-14<\/td>\n<td style=\"padding: 2px; text-align: right;\"><a href=\"mailto:praxis@idr-freiburg.de\">per E-Mail<\/a><\/td>\n<\/tr>\n<tr>\n<td style=\"padding: 2px;\"><b>Praxis Bad Krozingen<\/b><\/td>\n<td style=\"padding: 2px;\">07633 \/ 806919-9<\/td>\n<td style=\"padding: 2px; text-align: right;\"><a href=\"mailto:krozingen@idr-freiburg.de\">per E-Mail<\/a><\/td>\n<\/tr>\n<\/tbody>\n<\/table>\n<p>[\/et_pb_text][\/et_pb_column][et_pb_column type=&#8220;3_5&#8243; module_id=&#8220;formular&#8220; _builder_version=&#8220;4.27.0&#8243; _module_preset=&#8220;default&#8220; global_colors_info=&#8220;{}&#8220;][et_pb_contact_form success_message=&#8220;Herzlichen Dank f\u00fcr Ihre Nachricht! Wir werden uns ins K\u00fcrze telefonisch oder per E-Mail bei Ihnen melden.&#8220; submit_button_text=&#8220;Nachricht senden&#8220; admin_label=&#8220;Formular Kontakt+Termin&#8220; _builder_version=&#8220;4.23.4&#8243; _unique_id=&#8220;9cb6d5eb-897e-4f5a-bd18-0416ddfcf646&#8243; form_field_background_color=&#8220;#eeeeee&#8220; form_field_text_color=&#8220;#000000&#8243; form_field_focus_text_color=&#8220;#014289&#8243; title_letter_spacing=&#8220;1px&#8220; form_field_font=&#8220;||||||||&#8220; form_field_font_size=&#8220;18px&#8220; custom_button=&#8220;on&#8220; button_text_size=&#8220;17px&#8220; button_text_color=&#8220;#ffffff&#8220; button_bg_color=&#8220;#999999&#8243; button_border_width=&#8220;0px&#8220; button_letter_spacing=&#8220;1px&#8220; button_font=&#8220;|600||on|||||&#8220; button_icon=&#8220;&#x24;||divi||400&#8243; button_icon_color=&#8220;#ffffff&#8220; custom_padding=&#8220;20px||||false|false&#8220; hover_enabled=&#8220;0&#8243; use_custom_message_richtext=&#8220;on&#8220; custom_message_richtext=&#8220;<\/p>\n<p>Sie haben eine Nachricht von der IDR-Webseite erhalten.<br \/>.<br \/>.<br \/><strong>&#8212;&#8212;&#8212;&#8212;&#8212;&#8212;&#8212;&#8212;&#8212;&#8212;&#8212;&#8212;&#8212;&#8212;&#8212;&#8212;&#8212;&#8212;&#8212;&#8212;&#8212;&#8212;&#8212;&#8212;&#8212;-<br \/><\/strong>Betreff: <strong>%%thema%%<br \/>&#8212;&#8212;&#8212;&#8212;&#8212;&#8212;&#8212;&#8212;&#8212;&#8212;&#8212;&#8212;&#8212;&#8212;&#8212;&#8212;&#8212;&#8212;&#8212;&#8212;&#8212;&#8212;&#8212;&#8212;&#8212;-<br \/><\/strong>Vorname: <strong>%%vorname%%<\/strong><br \/>Nachname: <strong>%%nachname%%<br \/><\/strong>Geburtstag: <strong>%%geburtstag%%<br \/><\/strong><strong>&#8212;&#8212;&#8212;&#8212;&#8212;&#8212;&#8212;&#8212;&#8212;&#8212;&#8212;&#8212;&#8212;&#8212;&#8212;&#8212;&#8212;&#8212;&#8212;&#8212;&#8212;&#8212;&#8212;&#8212;&#8212;-<\/strong><br \/>Praxis-Standort: <strong>%%praxis-standort%%<\/strong><br \/>Art der Untersuchung: <strong>%%untersuchung%%<br \/>&#8212;&#8212;&#8212;&#8212;&#8212;&#8212;&#8212;&#8212;&#8212;&#8212;&#8212;&#8212;&#8212;&#8212;&#8212;&#8212;&#8212;&#8212;&#8212;&#8212;&#8212;&#8212;&#8212;&#8212;&#8212;-<br \/><\/strong>Termin-Datum: <strong>%%termin-datum%%<\/strong> (Nur bei Absage)<br \/>Termin-Uhrzeit: <strong>%%termin-uhrzeit%%<\/strong> (Nur bei Absage) <strong><br \/>&#8212;&#8212;&#8212;&#8212;&#8212;&#8212;&#8212;&#8212;&#8212;&#8212;&#8212;&#8212;&#8212;&#8212;&#8212;&#8212;&#8212;&#8212;&#8212;&#8212;&#8212;&#8212;&#8212;&#8212;&#8212;-<br \/><\/strong>Die Patientin \/ der Patient ist zu erreichen unter<br \/>Telefon: <strong>%%telefon%%<\/strong><br \/>E-Mail: <strong>%%email%%<br \/>&#8212;&#8212;&#8212;&#8212;&#8212;&#8212;&#8212;&#8212;&#8212;&#8212;&#8212;&#8212;&#8212;&#8212;&#8212;&#8212;&#8212;&#8212;&#8212;&#8212;&#8212;&#8212;&#8212;&#8212;&#8212;-<br \/><\/strong>Folgende Nachricht wurde geschrieben:<br \/><strong>%%nachricht%%<br \/>&#8212;&#8212;&#8212;&#8212;&#8212;&#8212;&#8212;&#8212;&#8212;&#8212;&#8212;&#8212;&#8212;&#8212;&#8212;&#8212;&#8212;&#8212;&#8212;&#8212;&#8212;&#8212;&#8212;&#8212;&#8212;-<br \/><\/strong>Die Patientin \/ der Patient hat folgende Erkl\u00e4rung<br \/>zum Datenschutz abgegeben:<strong><br \/>%%datenschutz%%<br \/>&#8212;&#8212;&#8212;&#8212;&#8212;&#8212;&#8212;&#8212;&#8212;&#8212;&#8212;&#8212;&#8212;&#8212;&#8212;&#8212;&#8212;&#8212;&#8212;&#8212;&#8212;&#8212;&#8212;&#8212;&#8212;-<br \/>.<br \/>.<br \/><\/strong>Diese Nachricht wurde versendet \u00fcber das Formular unter<br \/>https:\/\/www.idr-freiburg.de<br \/>.<\/p>\n<p>&#8220; use_conditional_emails=&#8220;on&#8220; conditional_email_pattern=&#8220;praxis-standort::IDR Praxis in Freiburg:termin-fr@idr-freiburg.de|IDR Praxis in Bad Krozingen:termin-bk@idr-freiburg.de&#8220; admin_email_subject=&#8220;Termin-Anfrage von der IDR-Webseite&#8220; save_files_to_db=&#8220;off&#8220; submit_button_wait_text=&#8220;Nachricht wird gesendet &#8230;&#8220; success_message_font_color=&#8220;#014289&#8243; success_message_font_size=&#8220;24px&#8220; use_honeypot=&#8220;on&#8220; border_width_all=&#8220;1px&#8220; border_color_all=&#8220;#999999&#8243; global_module=&#8220;228308&#8243; locked=&#8220;off&#8220; global_colors_info=&#8220;{}&#8220; button_bg_color__hover_enabled=&#8220;on|desktop&#8220; button_bg_color__hover=&#8220;#014289&#8243; button_bg_enable_color__hover=&#8220;on&#8220; sticky_enabled=&#8220;0&#8243;][et_pb_contact_field field_id=&#8220;vorname&#8220; field_title=&#8220;Vorname&#8220; min_length=&#8220;2&#8243; max_length=&#8220;40&#8243; _builder_version=&#8220;4.18.0&#8243; form_field_letter_spacing=&#8220;1px&#8220; use_field_icon=&#8220;on&#8220; field_icon=&#8220;&#xf007;||fa||900&#8243; global_colors_info=&#8220;{}&#8220; button_text_size__hover_enabled=&#8220;off&#8220; button_one_text_size__hover_enabled=&#8220;off&#8220; button_two_text_size__hover_enabled=&#8220;off&#8220; button_text_color__hover_enabled=&#8220;off&#8220; button_one_text_color__hover_enabled=&#8220;off&#8220; button_two_text_color__hover_enabled=&#8220;off&#8220; button_border_width__hover_enabled=&#8220;off&#8220; button_one_border_width__hover_enabled=&#8220;off&#8220; button_two_border_width__hover_enabled=&#8220;off&#8220; button_border_color__hover_enabled=&#8220;off&#8220; button_one_border_color__hover_enabled=&#8220;off&#8220; button_two_border_color__hover_enabled=&#8220;off&#8220; button_border_radius__hover_enabled=&#8220;off&#8220; button_one_border_radius__hover_enabled=&#8220;off&#8220; button_two_border_radius__hover_enabled=&#8220;off&#8220; button_letter_spacing__hover_enabled=&#8220;off&#8220; button_one_letter_spacing__hover_enabled=&#8220;off&#8220; button_two_letter_spacing__hover_enabled=&#8220;off&#8220; button_bg_color__hover_enabled=&#8220;off&#8220; button_one_bg_color__hover_enabled=&#8220;off&#8220; button_two_bg_color__hover_enabled=&#8220;off&#8220;][\/et_pb_contact_field][et_pb_contact_field field_id=&#8220;nachname&#8220; field_title=&#8220;Nachname&#8220; min_length=&#8220;3&#8243; max_length=&#8220;40&#8243; _builder_version=&#8220;4.18.0&#8243; form_field_letter_spacing=&#8220;1px&#8220; use_field_icon=&#8220;on&#8220; field_icon=&#8220;&#xf007;||fa||900&#8243; global_colors_info=&#8220;{}&#8220;][\/et_pb_contact_field][et_pb_contact_field field_id=&#8220;thema&#8220; field_title=&#8220;Ihr Anliegen&#8220; field_type=&#8220;radio&#8220; radio_options=&#8220;%91{%22value%22:%22Ich m\u00f6chte gerne einen Termin vereinbaren%22,%22checked%22:0,%22dragID%22:0},{%22value%22:%22Ich m\u00f6chte meinen Termin absagen%22,%22checked%22:0,%22dragID%22:1},{%22value%22:%22Ich habe eine allgemeine Anfrage%22,%22checked%22:0,%22dragID%22:-1}%93&#8243; fullwidth_field=&#8220;on&#8220; _builder_version=&#8220;4.17.4&#8243; _module_preset=&#8220;default&#8220; form_field_letter_spacing=&#8220;1px&#8220; global_colors_info=&#8220;{}&#8220;][\/et_pb_contact_field][et_pb_contact_field field_id=&#8220;termin-datum&#8220; field_title=&#8220;Termin-Datum (TT.MM.JJJJ)&#8220; conditional_logic=&#8220;on&#8220; conditional_logic_rules=&#8220;%91{%22field%22:%22thema%22,%22condition%22:%22is%22,%22value%22:%22Ich m\u00f6chte meinen Termin absagen%22}%93&#8243; _builder_version=&#8220;4.21.0&#8243; _module_preset=&#8220;default&#8220; form_field_letter_spacing=&#8220;1px&#8220; use_field_icon=&#8220;on&#8220; field_icon=&#8220;&#xf073;||fa||400&#8243; datetime_week_start=&#8220;monday&#8220; global_colors_info=&#8220;{}&#8220;][\/et_pb_contact_field][et_pb_contact_field field_id=&#8220;termin-uhrzeit&#8220; field_title=&#8220;Termin-Uhrzeit (HH:MM)&#8220; conditional_logic=&#8220;on&#8220; conditional_logic_rules=&#8220;%91{%22field%22:%22thema%22,%22condition%22:%22is%22,%22value%22:%22Ich m\u00f6chte meinen Termin absagen%22}%93&#8243; _builder_version=&#8220;4.18.0&#8243; _module_preset=&#8220;default&#8220; form_field_letter_spacing=&#8220;1px&#8220; use_field_icon=&#8220;on&#8220; field_icon=&#8220;&#xf017;||fa||400&#8243; global_colors_info=&#8220;{}&#8220;][\/et_pb_contact_field][et_pb_contact_field field_id=&#8220;praxis-standort&#8220; field_title=&#8220;Praxis-Standort&#8220; field_type=&#8220;radio&#8220; radio_options=&#8220;%91{%22value%22:%22IDR Praxis in Freiburg%22,%22checked%22:0,%22dragID%22:-1},{%22value%22:%22IDR Praxis in Bad Krozingen%22,%22checked%22:0,%22dragID%22:0}%93&#8243; fullwidth_field=&#8220;on&#8220; conditional_logic=&#8220;on&#8220; conditional_logic_rules=&#8220;%91{%22field%22:%22thema%22,%22condition%22:%22is%22,%22value%22:%22Ich m\u00f6chte gerne einen Termin vereinbaren%22},{%22field%22:%22thema%22,%22condition%22:%22is%22,%22value%22:%22Ich m\u00f6chte meinen Termin absagen%22},{%22field%22:%22thema%22,%22condition%22:%22is%22,%22value%22:%22Ich habe eine allgemeine Anfrage%22}%93&#8243; _builder_version=&#8220;4.18.0&#8243; _module_preset=&#8220;default&#8220; form_field_letter_spacing=&#8220;1px&#8220; global_colors_info=&#8220;{}&#8220;][\/et_pb_contact_field][et_pb_contact_field field_id=&#8220;untersuchung&#8220; field_title=&#8220;Art der Untersuchung&#8220; field_type=&#8220;select&#8220; select_options=&#8220;%91{%22value%22:%22MRT &#8211; Kernspintomographie%22,%22checked%22:0,%22dragID%22:-1},{%22value%22:%22CT &#8211; Computertomographie%22,%22checked%22:0,%22dragID%22:0},{%22value%22:%22Mammadiagnostik: Mammographie%22,%22checked%22:0,%22dragID%22:1},{%22value%22:%22Mammadiagnostik: Mamma-Sonographie%22,%22checked%22:0,%22dragID%22:2},{%22value%22:%22Mammadiagnostik: Mamma-MRT%22,%22checked%22:0,%22dragID%22:3},{%22value%22:%22Klassische R\u00f6ntgen-Untersuchung%22,%22checked%22:0,%22dragID%22:4},{%22value%22:%22Knochendichtemessung%22,%22checked%22:0,%22dragID%22:5},{%22value%22:%22Andere Untersuchung%22,%22checked%22:0,%22dragID%22:6}%93&#8243; fullwidth_field=&#8220;on&#8220; conditional_logic=&#8220;on&#8220; conditional_logic_rules=&#8220;%91{%22field%22:%22thema%22,%22condition%22:%22is%22,%22value%22:%22Ich m\u00f6chte gerne einen Termin vereinbaren%22},{%22field%22:%22thema%22,%22condition%22:%22is%22,%22value%22:%22Ich m\u00f6chte meinen Termin absagen%22}%93&#8243; _builder_version=&#8220;4.18.0&#8243; _module_preset=&#8220;default&#8220; form_field_letter_spacing=&#8220;1px&#8220; use_field_icon=&#8220;on&#8220; field_icon=&#8220;&#xe00a;||divi||400&#8243; global_colors_info=&#8220;{}&#8220;][\/et_pb_contact_field][et_pb_contact_field field_id=&#8220;geburtstag&#8220; field_title=&#8220;Geburtstag (TT.MM.YYYY)&#8220; fullwidth_field=&#8220;on&#8220; conditional_logic=&#8220;on&#8220; conditional_logic_rules=&#8220;%91{%22field%22:%22thema%22,%22condition%22:%22is%22,%22value%22:%22Ich m\u00f6chte gerne einen Termin vereinbaren%22},{%22field%22:%22thema%22,%22condition%22:%22is%22,%22value%22:%22Ich m\u00f6chte meinen Termin absagen%22}%93&#8243; _builder_version=&#8220;4.21.0&#8243; _module_preset=&#8220;default&#8220; form_field_letter_spacing=&#8220;1px&#8220; use_field_icon=&#8220;on&#8220; field_icon=&#8220;&#xf77d;||fa||900&#8243; datetime_week_start=&#8220;monday&#8220; global_colors_info=&#8220;{}&#8220;][\/et_pb_contact_field][et_pb_contact_field field_id=&#8220;telefon&#8220; field_title=&#8220;Telefon (tags\u00fcber)&#8220; min_length=&#8220;8&#8243; max_length=&#8220;36&#8243; fullwidth_field=&#8220;on&#8220; _builder_version=&#8220;4.21.0&#8243; form_field_letter_spacing=&#8220;1px&#8220; use_field_icon=&#8220;on&#8220; field_icon=&#8220;&#xe090;||divi||400&#8243; global_colors_info=&#8220;{}&#8220;][\/et_pb_contact_field][et_pb_contact_field field_id=&#8220;email&#8220; field_title=&#8220;Ihre E-Mail-Adresse&#8220; field_type=&#8220;email&#8220; fullwidth_field=&#8220;on&#8220; _builder_version=&#8220;4.18.0&#8243; form_field_letter_spacing=&#8220;1px&#8220; use_field_icon=&#8220;on&#8220; field_icon=&#8220;&#xf0e0;||fa||400&#8243; global_colors_info=&#8220;{}&#8220; button_text_size__hover_enabled=&#8220;off&#8220; button_one_text_size__hover_enabled=&#8220;off&#8220; button_two_text_size__hover_enabled=&#8220;off&#8220; button_text_color__hover_enabled=&#8220;off&#8220; button_one_text_color__hover_enabled=&#8220;off&#8220; button_two_text_color__hover_enabled=&#8220;off&#8220; button_border_width__hover_enabled=&#8220;off&#8220; button_one_border_width__hover_enabled=&#8220;off&#8220; button_two_border_width__hover_enabled=&#8220;off&#8220; button_border_color__hover_enabled=&#8220;off&#8220; button_one_border_color__hover_enabled=&#8220;off&#8220; button_two_border_color__hover_enabled=&#8220;off&#8220; button_border_radius__hover_enabled=&#8220;off&#8220; button_one_border_radius__hover_enabled=&#8220;off&#8220; button_two_border_radius__hover_enabled=&#8220;off&#8220; button_letter_spacing__hover_enabled=&#8220;off&#8220; button_one_letter_spacing__hover_enabled=&#8220;off&#8220; button_two_letter_spacing__hover_enabled=&#8220;off&#8220; button_bg_color__hover_enabled=&#8220;off&#8220; button_one_bg_color__hover_enabled=&#8220;off&#8220; button_two_bg_color__hover_enabled=&#8220;off&#8220;][\/et_pb_contact_field][et_pb_contact_field field_id=&#8220;nachricht&#8220; field_title=&#8220;Ihre Nachricht&#8220; field_type=&#8220;text&#8220; fullwidth_field=&#8220;on&#8220; _builder_version=&#8220;4.18.0&#8243; form_field_letter_spacing=&#8220;1px&#8220; use_field_icon=&#8220;on&#8220; field_icon=&#8220;&#x6c;||divi||400&#8243; global_colors_info=&#8220;{}&#8220; button_text_size__hover_enabled=&#8220;off&#8220; button_one_text_size__hover_enabled=&#8220;off&#8220; button_two_text_size__hover_enabled=&#8220;off&#8220; button_text_color__hover_enabled=&#8220;off&#8220; button_one_text_color__hover_enabled=&#8220;off&#8220; button_two_text_color__hover_enabled=&#8220;off&#8220; button_border_width__hover_enabled=&#8220;off&#8220; button_one_border_width__hover_enabled=&#8220;off&#8220; button_two_border_width__hover_enabled=&#8220;off&#8220; button_border_color__hover_enabled=&#8220;off&#8220; button_one_border_color__hover_enabled=&#8220;off&#8220; button_two_border_color__hover_enabled=&#8220;off&#8220; button_border_radius__hover_enabled=&#8220;off&#8220; button_one_border_radius__hover_enabled=&#8220;off&#8220; button_two_border_radius__hover_enabled=&#8220;off&#8220; button_letter_spacing__hover_enabled=&#8220;off&#8220; button_one_letter_spacing__hover_enabled=&#8220;off&#8220; button_two_letter_spacing__hover_enabled=&#8220;off&#8220; button_bg_color__hover_enabled=&#8220;off&#8220; button_one_bg_color__hover_enabled=&#8220;off&#8220; button_two_bg_color__hover_enabled=&#8220;off&#8220;][\/et_pb_contact_field][et_pb_contact_field field_id=&#8220;datenschutz&#8220; field_title=&#8220;Datenschutz&#8220; field_type=&#8220;checkbox&#8220; checkbox_options=&#8220;%91{%22value%22:%22Ich bin mit Ihren Richtlinien zum Datenschutz einverstanden.%22,%22checked%22:0,%22dragID%22:-1,%22link_url%22:%22%22,%22link_text%22:%22%22}%93&#8243; fullwidth_field=&#8220;on&#8220; _builder_version=&#8220;4.17.4&#8243; form_field_letter_spacing=&#8220;1px&#8220; border_color_all=&#8220;#000000&#8243; global_colors_info=&#8220;{}&#8220;][\/et_pb_contact_field][et_pb_contact_field field_id=&#8220;email-verifikation&#8220; field_title=&#8220;Wiederholung Ihrer E-Mail-Adresse zur Verifikation&#8220; field_type=&#8220;email&#8220; fullwidth_field=&#8220;on&#8220; conditional_logic=&#8220;on&#8220; conditional_logic_rules=&#8220;%91{%22field%22:%22datenschutz%22,%22condition%22:%22is%22,%22value%22:%22Ich bin mit Ihren Richtlinien zum Datenschutz einverstanden.%22}%93&#8243; _builder_version=&#8220;4.18.0&#8243; form_field_letter_spacing=&#8220;1px&#8220; use_field_icon=&#8220;on&#8220; field_icon=&#8220;&#xf0e0;||fa||400&#8243; global_colors_info=&#8220;{}&#8220; button_text_size__hover_enabled=&#8220;off&#8220; button_one_text_size__hover_enabled=&#8220;off&#8220; button_two_text_size__hover_enabled=&#8220;off&#8220; button_text_color__hover_enabled=&#8220;off&#8220; button_one_text_color__hover_enabled=&#8220;off&#8220; button_two_text_color__hover_enabled=&#8220;off&#8220; button_border_width__hover_enabled=&#8220;off&#8220; button_one_border_width__hover_enabled=&#8220;off&#8220; button_two_border_width__hover_enabled=&#8220;off&#8220; button_border_color__hover_enabled=&#8220;off&#8220; button_one_border_color__hover_enabled=&#8220;off&#8220; button_two_border_color__hover_enabled=&#8220;off&#8220; button_border_radius__hover_enabled=&#8220;off&#8220; button_one_border_radius__hover_enabled=&#8220;off&#8220; button_two_border_radius__hover_enabled=&#8220;off&#8220; button_letter_spacing__hover_enabled=&#8220;off&#8220; button_one_letter_spacing__hover_enabled=&#8220;off&#8220; button_two_letter_spacing__hover_enabled=&#8220;off&#8220; button_bg_color__hover_enabled=&#8220;off&#8220; button_one_bg_color__hover_enabled=&#8220;off&#8220; button_two_bg_color__hover_enabled=&#8220;off&#8220;][\/et_pb_contact_field][\/et_pb_contact_form][\/et_pb_column][\/et_pb_row][\/et_pb_section]<\/p>\n","protected":false},"excerpt":{"rendered":"<p><div class=\"et_pb_module dvmd_image_box dvmd_image_box_0 dvmd_ib_version_2_0_1\">\n\t\t\t\t\n\t\t\t\t\n\t\t\t\t\n\t\t\t\t\n\t\t\t\t\n\t\t\t\t\n\t\t\t\t<div class=\"et_pb_module_inner\">\n\t\t\t\t\t<div class=\"dvmd_ib_image\"><span role=\"figure\" aria-label=\"iStock-937980630-Frau-am-Handy-filadendron-1920&#215;1080\" aria-description=\"IDR Anmeldung\" class=\"dvmd_ib_image_wrap\"><img decoding=\"async\" src=\"https:\/\/www.idr-freiburg.de\/content\/wp-content\/uploads\/2021\/05\/iStock-937980630-Frau-am-Handy-filadendron-1920x1080-1.jpg\" title=\"iStock-937980630-Frau-am-Handy-filadendron-1920&#215;1080\" alt=\"IDR Anmeldung\" srcset=\"https:\/\/www.idr-freiburg.de\/content\/wp-content\/uploads\/2021\/05\/iStock-937980630-Frau-am-Handy-filadendron-1920x1080-1.jpg 1920w, https:\/\/www.idr-freiburg.de\/content\/wp-content\/uploads\/2021\/05\/iStock-937980630-Frau-am-Handy-filadendron-1920x1080-1-1280x720.jpg 1280w, https:\/\/www.idr-freiburg.de\/content\/wp-content\/uploads\/2021\/05\/iStock-937980630-Frau-am-Handy-filadendron-1920x1080-1-980x551.jpg 980w, https:\/\/www.idr-freiburg.de\/content\/wp-content\/uploads\/2021\/05\/iStock-937980630-Frau-am-Handy-filadendron-1920x1080-1-480x270.jpg 480w\" sizes=\"(min-width: 0px) and (max-width: 480px) 480px, (min-width: 481px) and (max-width: 980px) 980px, (min-width: 981px) and (max-width: 1280px) 1280px, (min-width: 1281px) 1920px, 100vw\" \/><\/span><\/div>\n\t\t\t\t<\/div>\n\t\t\t<\/div>einfach. anmelden.Terminvergabe: Sie haben die Wahl.Terminbuchung ohne Wartezeit. Unsere Online-Terminbuchung steht allen Patienten zur Verf\u00fcgung \u2013 f\u00fcr gesetzlich Versicherte, Privatpatienten, Selbstzahlende sowie BG-F\u00e4lle. Hinweis \u2013\u00a0Achten Sie bitte auf Ihren Versicherungsstatus: Kasse: alle gesetzlichen Krankenkassen (GKV) Privat: Privatversicherte, Selbstzahler (z.B. IGeL) oder BG-F\u00e4lle Wenn Sie einen Termin als Privatpatient, Selbstzahler oder im Rahmen eines BG-Falls online buchen, erfolgt die Abrechnung privat\u00e4rztlich. Dies gilt auch dann, wenn am Untersuchungstag ein kassen\u00e4rztlicher \u00dcberweisungsschein (GKV) vorgelegt wird.Unser telefonischer Terminvergabe-Service. Hier finden Sie die entsprechenden Telefonnummern, wenn sie einen Termin vereinbaren mo\u0308chten oder eine telefonische Beratung brauchen. Hinweis: Aufgrund des teils sehr hohen Aufkommens an Telefonaten kann es leider manchmal zu Wartezeiten kommen. Versuchen Sie es gerne auch zu den meist ruhigeren Randzeiten.Unser elektronisches Kontaktformular Hier ko\u0308nnen Sie in Ruhe u\u0308ber das Kontaktfomular mit uns in Verbindung treten und uns Ihr Anliegen schildern. Wir werden uns so bald wie mo\u0308glich mit Ihnen in Verbindung setzen.PraxiszeitenGartenstra\u00dfe 28 79098 Freiburg im Breisgau Montag bis Freitag\u00a0 \u2192\u00a0 8.00 \u2013 15.30 Uhr sowie nach VereinbarungHerbert-Hellmann-Allee 3 (Zugang \u00fcber Westring) 79189 Bad Krozingen Montag bis Freitag\u00a0 \u2192\u00a0 8.00 \u2013 15.30 Uhr [&hellip;]<\/p>\n","protected":false},"author":1,"featured_media":0,"parent":0,"menu_order":27,"comment_status":"closed","ping_status":"closed","template":"","meta":{"_et_pb_use_builder":"on","_et_pb_old_content":"","_et_gb_content_width":"","footnotes":""},"class_list":["post-2851","page","type-page","status-publish","hentry"],"_links":{"self":[{"href":"https:\/\/www.idr-freiburg.de\/content\/wp-json\/wp\/v2\/pages\/2851","targetHints":{"allow":["GET"]}}],"collection":[{"href":"https:\/\/www.idr-freiburg.de\/content\/wp-json\/wp\/v2\/pages"}],"about":[{"href":"https:\/\/www.idr-freiburg.de\/content\/wp-json\/wp\/v2\/types\/page"}],"author":[{"embeddable":true,"href":"https:\/\/www.idr-freiburg.de\/content\/wp-json\/wp\/v2\/users\/1"}],"replies":[{"embeddable":true,"href":"https:\/\/www.idr-freiburg.de\/content\/wp-json\/wp\/v2\/comments?post=2851"}],"version-history":[{"count":10,"href":"https:\/\/www.idr-freiburg.de\/content\/wp-json\/wp\/v2\/pages\/2851\/revisions"}],"predecessor-version":[{"id":237298,"href":"https:\/\/www.idr-freiburg.de\/content\/wp-json\/wp\/v2\/pages\/2851\/revisions\/237298"}],"wp:attachment":[{"href":"https:\/\/www.idr-freiburg.de\/content\/wp-json\/wp\/v2\/media?parent=2851"}],"curies":[{"name":"wp","href":"https:\/\/api.w.org\/{rel}","templated":true}]}}