{"id":223655,"date":"2026-01-01T12:00:53","date_gmt":"2026-01-01T11:00:53","guid":{"rendered":"https:\/\/www.idr-freiburg.de\/content\/?page_id=223655"},"modified":"2026-01-22T12:42:42","modified_gmt":"2026-01-22T11:42:42","slug":"impressum","status":"publish","type":"page","link":"https:\/\/www.idr-freiburg.de\/content\/impressum\/","title":{"rendered":"Impressum"},"content":{"rendered":"<p>[et_pb_section fb_built=&#8220;1&#8243; fullwidth=&#8220;on&#8220; _builder_version=&#8220;4.16&#8243; _module_preset=&#8220;default&#8220; locked=&#8220;off&#8220; global_colors_info=&#8220;{}&#8220;][et_pb_fullwidth_header title=&#8220;Impressum &#038; Nutzungsbedingungen&#8220; _builder_version=&#8220;4.16&#8243; _module_preset=&#8220;default&#8220; background_color=&#8220;#9DA7CF&#8220; background_image=&#8220;https:\/\/www.idr-freiburg.de\/content\/wp-content\/uploads\/2021\/01\/fc_book-01.jpg&#8220; background_blend=&#8220;multiply&#8220; height=&#8220;50vh&#8220; custom_padding=&#8220;20vh||||false|false&#8220; filter_saturate=&#8220;10%&#8220; filter_contrast=&#8220;120%&#8220; global_colors_info=&#8220;{}&#8220;][\/et_pb_fullwidth_header][\/et_pb_section][et_pb_section fb_built=&#8220;1&#8243; _builder_version=&#8220;4.16&#8243; _module_preset=&#8220;default&#8220; custom_margin=&#8220;100px||||false|false&#8220; custom_margin_tablet=&#8220;80px||||false|false&#8220; custom_margin_phone=&#8220;&#8220; custom_margin_last_edited=&#8220;on|tablet&#8220; custom_padding=&#8220;||0px||false|false&#8220; collapsed=&#8220;off&#8220; global_colors_info=&#8220;{}&#8220;][et_pb_row column_structure=&#8220;1_4,1_4,1_4,1_4&#8243; use_custom_gutter=&#8220;on&#8220; gutter_width=&#8220;1&#8243; make_equal=&#8220;on&#8220; _builder_version=&#8220;4.16&#8243; _module_preset=&#8220;default&#8220; custom_margin=&#8220;||||false|false&#8220; custom_padding=&#8220;0px||0px||false|false&#8220; global_colors_info=&#8220;{}&#8220;][et_pb_column type=&#8220;1_4&#8243; _builder_version=&#8220;4.16&#8243; _module_preset=&#8220;default&#8220; background_color=&#8220;gcid-96b88229-da64-4f14-afa5-f3d47a8141ef&#8220; border_width_right=&#8220;2px&#8220; border_color_right=&#8220;#FFFFFF&#8220; border_width_bottom=&#8220;2px&#8220; border_color_bottom=&#8220;#FFFFFF&#8220; border_width_right_tablet=&#8220;&#8220; border_width_right_phone=&#8220;0px&#8220; border_width_right_last_edited=&#8220;on|desktop&#8220; border_color_bottom_tablet=&#8220;&#8220; border_color_bottom_phone=&#8220;&#8220; border_color_bottom_last_edited=&#8220;on|phone&#8220; global_colors_info=&#8220;{%22gcid-96b88229-da64-4f14-afa5-f3d47a8141ef%22:%91%22background_color%22%93}&#8220;][et_pb_text content_last_edited=&#8220;off|desktop&#8220; admin_label=&#8220;Text &#8212; Headline Herausgeber&#8220; _builder_version=&#8220;4.17.4&#8243; _module_preset=&#8220;default&#8220; text_font=&#8220;||||||||&#8220; text_font_size=&#8220;17px&#8220; text_line_height=&#8220;1.4em&#8220; header_3_font=&#8220;|600|||||||&#8220; header_3_font_size=&#8220;20px&#8220; custom_margin=&#8220;||20px||false|false&#8220; custom_padding=&#8220;20px|20px|0px|30px|false|false&#8220; custom_padding_tablet=&#8220;|0px|||false|false&#8220; custom_padding_phone=&#8220;&#8220; custom_padding_last_edited=&#8220;on|desktop&#8220; header_3_font_tablet=&#8220;&#8220; header_3_font_phone=&#8220;&#8220; header_3_font_last_edited=&#8220;on|desktop&#8220; header_3_text_align_tablet=&#8220;&#8220; header_3_text_align_phone=&#8220;&#8220; header_3_text_align_last_edited=&#8220;on|desktop&#8220; header_3_text_color_tablet=&#8220;&#8220; header_3_text_color_phone=&#8220;&#8220; header_3_text_color_last_edited=&#8220;on|desktop&#8220; header_3_font_size_tablet=&#8220;&#8220; header_3_font_size_phone=&#8220;&#8220; header_3_font_size_last_edited=&#8220;on|desktop&#8220; header_3_letter_spacing_tablet=&#8220;&#8220; header_3_letter_spacing_phone=&#8220;&#8220; header_3_letter_spacing_last_edited=&#8220;on|desktop&#8220; header_3_line_height_tablet=&#8220;&#8220; header_3_line_height_phone=&#8220;&#8220; header_3_line_height_last_edited=&#8220;on|desktop&#8220; global_colors_info=&#8220;{}&#8220;]<\/p>\n<h3>Herausgeber<\/h3>\n<p>[\/et_pb_text][et_pb_divider color=&#8220;#000000&#8243; divider_weight=&#8220;2px&#8220; _builder_version=&#8220;4.16&#8243; _module_preset=&#8220;default&#8220; width=&#8220;50px&#8220; custom_margin=&#8220;||||false|false&#8220; custom_padding=&#8220;|||30px|false|false&#8220; global_colors_info=&#8220;{}&#8220;][\/et_pb_divider][et_pb_text ul_type=&#8220;circle&#8220; content_last_edited=&#8220;off|desktop&#8220; admin_label=&#8220;Text &#8212; Adresse \/ \u00c4rzte&#8220; _builder_version=&#8220;4.27.5&#8243; _module_preset=&#8220;default&#8220; text_font=&#8220;||||||||&#8220; text_font_size=&#8220;17px&#8220; text_line_height=&#8220;1.4em&#8220; link_text_color=&#8220;#666666&#8243; header_3_font=&#8220;|600|||||||&#8220; header_3_font_size=&#8220;20px&#8220; custom_margin=&#8220;||20px||false|false&#8220; custom_padding=&#8220;|20px|20px|30px|false|false&#8220; custom_padding_tablet=&#8220;|0px|||false|false&#8220; custom_padding_phone=&#8220;&#8220; custom_padding_last_edited=&#8220;on|desktop&#8220; header_3_font_tablet=&#8220;&#8220; header_3_font_phone=&#8220;&#8220; header_3_font_last_edited=&#8220;on|desktop&#8220; header_3_font_size_tablet=&#8220;&#8220; header_3_font_size_phone=&#8220;&#8220; header_3_font_size_last_edited=&#8220;on|desktop&#8220; header_3_letter_spacing_tablet=&#8220;&#8220; header_3_letter_spacing_phone=&#8220;&#8220; header_3_letter_spacing_last_edited=&#8220;on|desktop&#8220; header_3_line_height_tablet=&#8220;&#8220; header_3_line_height_phone=&#8220;&#8220; header_3_line_height_last_edited=&#8220;on|desktop&#8220; global_colors_info=&#8220;{}&#8220; link_text_color__hover=&#8220;#014289&#8243; link_text_color__hover_enabled=&#8220;on|hover&#8220;]<span style=\"color: #333333;\">verantwortlich f\u00fcr den Inhalt<br \/>\n<\/span>IDR \u2013 Institut f\u00fcr Diagnostische<br \/>\nRadiologie Freiburg<br \/>\nGartenstra\u00dfe 28, 79098 Freiburg<br \/>\nTelefon:<span style=\"text-decoration: underline;\"> <a href=\"tel:+49761385650\">(0761) 385.65-0<\/a><\/span><br \/>\nTelefax: (0761) 385.65-33<\/p>\n<p><span style=\"color: #333333;\">Redaktion (V.i.S.d.P.)<\/span><br \/>\nDr. med. Mark Schuschnig<br \/>\nDr. med. Friedrich Lissek<br \/>\nDr. med. David Kanne[\/et_pb_text][\/et_pb_column][et_pb_column type=&#8220;1_4&#8243; _builder_version=&#8220;4.16&#8243; _module_preset=&#8220;default&#8220; background_color=&#8220;gcid-96b88229-da64-4f14-afa5-f3d47a8141ef&#8220; border_width_right=&#8220;2px&#8220; border_color_right=&#8220;#FFFFFF&#8220; border_width_bottom=&#8220;2px&#8220; border_color_bottom=&#8220;#FFFFFF&#8220; border_width_right_tablet=&#8220;&#8220; border_width_right_phone=&#8220;0px&#8220; border_width_right_last_edited=&#8220;on|desktop&#8220; border_color_bottom_tablet=&#8220;&#8220; border_color_bottom_phone=&#8220;&#8220; border_color_bottom_last_edited=&#8220;on|phone&#8220; global_colors_info=&#8220;{%22gcid-96b88229-da64-4f14-afa5-f3d47a8141ef%22:%91%22background_color%22%93}&#8220;][et_pb_text content_last_edited=&#8220;off|desktop&#8220; admin_label=&#8220;Text &#8212; Headline + Intro&#8220; _builder_version=&#8220;4.16&#8243; _module_preset=&#8220;default&#8220; text_font=&#8220;||||||||&#8220; text_font_size=&#8220;17px&#8220; text_line_height=&#8220;1.4em&#8220; header_3_font=&#8220;|600|||||||&#8220; header_3_font_size=&#8220;20px&#8220; custom_margin=&#8220;||20px||false|false&#8220; custom_padding=&#8220;20px|20px|0px|30px|false|false&#8220; custom_padding_tablet=&#8220;|0px|||false|false&#8220; custom_padding_phone=&#8220;&#8220; custom_padding_last_edited=&#8220;on|desktop&#8220; header_3_font_tablet=&#8220;&#8220; header_3_font_phone=&#8220;&#8220; header_3_font_last_edited=&#8220;on|desktop&#8220; header_3_text_align_tablet=&#8220;&#8220; header_3_text_align_phone=&#8220;&#8220; header_3_text_align_last_edited=&#8220;on|desktop&#8220; header_3_text_color_tablet=&#8220;&#8220; header_3_text_color_phone=&#8220;&#8220; header_3_text_color_last_edited=&#8220;on|desktop&#8220; header_3_font_size_tablet=&#8220;&#8220; header_3_font_size_phone=&#8220;&#8220; header_3_font_size_last_edited=&#8220;on|desktop&#8220; header_3_letter_spacing_tablet=&#8220;&#8220; header_3_letter_spacing_phone=&#8220;&#8220; header_3_letter_spacing_last_edited=&#8220;on|desktop&#8220; header_3_line_height_tablet=&#8220;&#8220; header_3_line_height_phone=&#8220;&#8220; header_3_line_height_last_edited=&#8220;on|desktop&#8220; global_colors_info=&#8220;{}&#8220;]<\/p>\n<h3>Themenbeauftragte<\/h3>\n<p>[\/et_pb_text][et_pb_divider color=&#8220;#000000&#8243; divider_weight=&#8220;2px&#8220; _builder_version=&#8220;4.16&#8243; _module_preset=&#8220;default&#8220; width=&#8220;50px&#8220; custom_margin=&#8220;||||false|false&#8220; custom_padding=&#8220;|||30px|false|false&#8220; global_colors_info=&#8220;{}&#8220;][\/et_pb_divider][et_pb_text ul_type=&#8220;circle&#8220; content_last_edited=&#8220;off|desktop&#8220; admin_label=&#8220;Text &#8212; Headline + Intro&#8220; _builder_version=&#8220;4.16&#8243; _module_preset=&#8220;default&#8220; text_font=&#8220;||||||||&#8220; text_font_size=&#8220;17px&#8220; text_line_height=&#8220;1.4em&#8220; link_text_color=&#8220;#666666&#8243; header_3_font=&#8220;|600|||||||&#8220; header_3_font_size=&#8220;20px&#8220; custom_margin=&#8220;||20px||false|false&#8220; custom_padding=&#8220;|20px|20px|30px|false|false&#8220; custom_padding_tablet=&#8220;|0px|||false|false&#8220; custom_padding_phone=&#8220;&#8220; custom_padding_last_edited=&#8220;on|desktop&#8220; header_3_font_tablet=&#8220;&#8220; header_3_font_phone=&#8220;&#8220; header_3_font_last_edited=&#8220;on|desktop&#8220; header_3_font_size_tablet=&#8220;&#8220; header_3_font_size_phone=&#8220;&#8220; header_3_font_size_last_edited=&#8220;on|desktop&#8220; header_3_letter_spacing_tablet=&#8220;&#8220; header_3_letter_spacing_phone=&#8220;&#8220; header_3_letter_spacing_last_edited=&#8220;on|desktop&#8220; header_3_line_height_tablet=&#8220;&#8220; header_3_line_height_phone=&#8220;&#8220; header_3_line_height_last_edited=&#8220;on|desktop&#8220; global_colors_info=&#8220;{}&#8220; link_text_color__hover=&#8220;#014289&#8243; link_text_color__hover_enabled=&#8220;on|hover&#8220;]<\/p>\n<p><span style=\"color: #333333;\">Datenschutz-Beauftragter<\/span><br \/>b.e.consult GmbH<br \/>Herr Achim Wolf<br \/>Dr.-Rudolf-Eberle-Stra\u00dfe 8-10<br \/>76534 Baden-Baden<br \/>E-Mail:<span style=\"text-decoration: underline;\"> <a href=\"mailto:a.wolf@bendergruppe.com\">a.wolf@bendergruppe.com<\/a><\/span><br \/>Telefon:<span style=\"text-decoration: underline;\"> <a href=\"tel:+491754335701\">(0175) 4335701<\/a><\/span><\/p>\n<p><span style=\"color: #333333;\">Medizinprodukte-Beauftragter<\/span><br \/>Dr. med. Sargon Ziyeh<br \/>Telefon: <a href=\"tel:+497613856545\"><span style=\"text-decoration: underline;\">(0761) 385.65-45<\/span><\/a><\/p>\n<p>[\/et_pb_text][\/et_pb_column][et_pb_column type=&#8220;1_4&#8243; _builder_version=&#8220;4.16&#8243; _module_preset=&#8220;default&#8220; background_color=&#8220;gcid-96b88229-da64-4f14-afa5-f3d47a8141ef&#8220; border_width_right=&#8220;2px&#8220; border_color_right=&#8220;#FFFFFF&#8220; border_width_bottom=&#8220;2px&#8220; border_color_bottom=&#8220;#FFFFFF&#8220; border_width_right_tablet=&#8220;&#8220; border_width_right_phone=&#8220;0px&#8220; border_width_right_last_edited=&#8220;on|desktop&#8220; border_color_bottom_tablet=&#8220;&#8220; border_color_bottom_phone=&#8220;&#8220; border_color_bottom_last_edited=&#8220;on|phone&#8220; global_colors_info=&#8220;{%22gcid-96b88229-da64-4f14-afa5-f3d47a8141ef%22:%91%22background_color%22,%22background_color%22%93}&#8220;][et_pb_text content_last_edited=&#8220;off|desktop&#8220; admin_label=&#8220;Text &#8212; Headline Konzeption&#8220; _builder_version=&#8220;4.17.4&#8243; _module_preset=&#8220;default&#8220; text_font=&#8220;||||||||&#8220; text_font_size=&#8220;17px&#8220; text_line_height=&#8220;1.4em&#8220; header_3_font=&#8220;|600|||||||&#8220; header_3_font_size=&#8220;20px&#8220; custom_margin=&#8220;||20px||false|false&#8220; custom_padding=&#8220;20px|20px|0px|30px|false|false&#8220; custom_padding_tablet=&#8220;|0px|||false|false&#8220; custom_padding_phone=&#8220;&#8220; custom_padding_last_edited=&#8220;on|desktop&#8220; header_3_font_tablet=&#8220;&#8220; header_3_font_phone=&#8220;&#8220; header_3_font_last_edited=&#8220;on|desktop&#8220; header_3_text_align_tablet=&#8220;&#8220; header_3_text_align_phone=&#8220;&#8220; header_3_text_align_last_edited=&#8220;on|desktop&#8220; header_3_text_color_tablet=&#8220;&#8220; header_3_text_color_phone=&#8220;&#8220; header_3_text_color_last_edited=&#8220;on|desktop&#8220; header_3_font_size_tablet=&#8220;&#8220; header_3_font_size_phone=&#8220;&#8220; header_3_font_size_last_edited=&#8220;on|desktop&#8220; header_3_letter_spacing_tablet=&#8220;&#8220; header_3_letter_spacing_phone=&#8220;&#8220; header_3_letter_spacing_last_edited=&#8220;on|desktop&#8220; header_3_line_height_tablet=&#8220;&#8220; header_3_line_height_phone=&#8220;&#8220; header_3_line_height_last_edited=&#8220;on|desktop&#8220; global_colors_info=&#8220;{}&#8220;]<\/p>\n<h3>Konzeption und Design<\/h3>\n<p>[\/et_pb_text][et_pb_divider color=&#8220;#000000&#8243; divider_weight=&#8220;2px&#8220; _builder_version=&#8220;4.16&#8243; _module_preset=&#8220;default&#8220; width=&#8220;50px&#8220; custom_margin=&#8220;||||false|false&#8220; custom_padding=&#8220;|||30px|false|false&#8220; global_colors_info=&#8220;{}&#8220;][\/et_pb_divider][et_pb_text ul_type=&#8220;circle&#8220; content_last_edited=&#8220;off|desktop&#8220; admin_label=&#8220;Text &#8212; Gestalter + Foto&#8220; _builder_version=&#8220;4.17.4&#8243; _module_preset=&#8220;default&#8220; text_font=&#8220;||||||||&#8220; text_font_size=&#8220;17px&#8220; text_line_height=&#8220;1.4em&#8220; link_text_color=&#8220;#666666&#8243; header_3_font=&#8220;|600|||||||&#8220; header_3_font_size=&#8220;20px&#8220; custom_margin=&#8220;||20px||false|false&#8220; custom_padding=&#8220;|20px|20px|30px|false|false&#8220; custom_padding_tablet=&#8220;|0px|||false|false&#8220; custom_padding_phone=&#8220;&#8220; custom_padding_last_edited=&#8220;on|desktop&#8220; header_3_font_tablet=&#8220;&#8220; header_3_font_phone=&#8220;&#8220; header_3_font_last_edited=&#8220;on|desktop&#8220; header_3_font_size_tablet=&#8220;&#8220; header_3_font_size_phone=&#8220;&#8220; header_3_font_size_last_edited=&#8220;on|desktop&#8220; header_3_letter_spacing_tablet=&#8220;&#8220; header_3_letter_spacing_phone=&#8220;&#8220; header_3_letter_spacing_last_edited=&#8220;on|desktop&#8220; header_3_line_height_tablet=&#8220;&#8220; header_3_line_height_phone=&#8220;&#8220; header_3_line_height_last_edited=&#8220;on|desktop&#8220; global_colors_info=&#8220;{}&#8220; link_text_color__hover_enabled=&#8220;on|hover&#8220; link_text_color__hover=&#8220;#014289&#8243;]<\/p>\n<p><span style=\"color: #333333;\">beebox werbeagentur<\/span><br \/><a href=\"http:\/\/www.beebox.de\">[ www.beebox.de ]<\/a><br \/>\nDr. med. Peter Krause<\/p>\n<p><span style=\"color: #333333;\">Fotografie<\/span><\/p>\n<ul>\n<li>IDR Freiburg<\/li>\n<li>beebox werbeagentur, Freiburg<\/li>\n<li>Digital Vision by Getty Images<\/li>\n<li>Fotolia LLC, New York<\/li>\n<li>Clemens Sch\u00fc\u00dfler, Freiburg<\/li>\n<li>iStock by Getty Images<\/li>\n<li>Siemens Healthcare GmbH<\/li>\n<li>Fujifilm Europe GmbH<\/li>\n<\/ul>\n<p>[\/et_pb_text][\/et_pb_column][et_pb_column type=&#8220;1_4&#8243; _builder_version=&#8220;4.16&#8243; _module_preset=&#8220;default&#8220; background_color=&#8220;gcid-96b88229-da64-4f14-afa5-f3d47a8141ef&#8220; border_width_right=&#8220;2px&#8220; border_color_right=&#8220;#FFFFFF&#8220; border_width_bottom=&#8220;2px&#8220; border_color_bottom=&#8220;#FFFFFF&#8220; border_width_right_tablet=&#8220;&#8220; border_width_right_phone=&#8220;0px&#8220; border_width_right_last_edited=&#8220;on|desktop&#8220; border_color_bottom_tablet=&#8220;&#8220; border_color_bottom_phone=&#8220;&#8220; border_color_bottom_last_edited=&#8220;on|phone&#8220; global_colors_info=&#8220;{%22gcid-96b88229-da64-4f14-afa5-f3d47a8141ef%22:%91%22background_color%22%93}&#8220;][et_pb_text content_last_edited=&#8220;off|desktop&#8220; admin_label=&#8220;Text &#8212; Headline + Intro&#8220; _builder_version=&#8220;4.16&#8243; _module_preset=&#8220;default&#8220; text_font=&#8220;||||||||&#8220; text_font_size=&#8220;17px&#8220; text_line_height=&#8220;1.4em&#8220; header_3_font=&#8220;|600|||||||&#8220; header_3_font_size=&#8220;20px&#8220; custom_margin=&#8220;||20px||false|false&#8220; custom_padding=&#8220;20px|20px|0px|30px|false|false&#8220; custom_padding_tablet=&#8220;|0px|||false|false&#8220; custom_padding_phone=&#8220;&#8220; custom_padding_last_edited=&#8220;on|desktop&#8220; header_3_font_tablet=&#8220;&#8220; header_3_font_phone=&#8220;&#8220; header_3_font_last_edited=&#8220;on|desktop&#8220; header_3_text_align_tablet=&#8220;&#8220; header_3_text_align_phone=&#8220;&#8220; header_3_text_align_last_edited=&#8220;on|desktop&#8220; header_3_text_color_tablet=&#8220;&#8220; header_3_text_color_phone=&#8220;&#8220; header_3_text_color_last_edited=&#8220;on|desktop&#8220; header_3_font_size_tablet=&#8220;&#8220; header_3_font_size_phone=&#8220;&#8220; header_3_font_size_last_edited=&#8220;on|desktop&#8220; header_3_letter_spacing_tablet=&#8220;&#8220; header_3_letter_spacing_phone=&#8220;&#8220; header_3_letter_spacing_last_edited=&#8220;on|desktop&#8220; header_3_line_height_tablet=&#8220;&#8220; header_3_line_height_phone=&#8220;&#8220; header_3_line_height_last_edited=&#8220;on|desktop&#8220; global_colors_info=&#8220;{}&#8220;]<\/p>\n<h3>Informationspflichten<span style=\"color: #000000;\"><\/span><\/h3>\n<p>[\/et_pb_text][et_pb_divider color=&#8220;#000000&#8243; divider_weight=&#8220;2px&#8220; _builder_version=&#8220;4.16&#8243; _module_preset=&#8220;default&#8220; width=&#8220;50px&#8220; custom_margin=&#8220;||||false|false&#8220; custom_padding=&#8220;|||30px|false|false&#8220; global_colors_info=&#8220;{}&#8220;][\/et_pb_divider][et_pb_text ul_type=&#8220;circle&#8220; content_last_edited=&#8220;off|desktop&#8220; admin_label=&#8220;Text &#8212; Headline + Intro&#8220; _builder_version=&#8220;4.16&#8243; _module_preset=&#8220;default&#8220; text_font=&#8220;||||||||&#8220; text_font_size=&#8220;17px&#8220; text_line_height=&#8220;1.4em&#8220; link_text_color=&#8220;#666666&#8243; header_3_font=&#8220;|600|||||||&#8220; header_3_font_size=&#8220;20px&#8220; custom_margin=&#8220;||20px||false|false&#8220; custom_padding=&#8220;|20px|20px|30px|false|false&#8220; custom_padding_tablet=&#8220;|0px|||false|false&#8220; custom_padding_phone=&#8220;&#8220; custom_padding_last_edited=&#8220;on|desktop&#8220; header_3_font_tablet=&#8220;&#8220; header_3_font_phone=&#8220;&#8220; header_3_font_last_edited=&#8220;on|desktop&#8220; header_3_font_size_tablet=&#8220;&#8220; header_3_font_size_phone=&#8220;&#8220; header_3_font_size_last_edited=&#8220;on|desktop&#8220; header_3_letter_spacing_tablet=&#8220;&#8220; header_3_letter_spacing_phone=&#8220;&#8220; header_3_letter_spacing_last_edited=&#8220;on|desktop&#8220; header_3_line_height_tablet=&#8220;&#8220; header_3_line_height_phone=&#8220;&#8220; header_3_line_height_last_edited=&#8220;on|desktop&#8220; global_colors_info=&#8220;{}&#8220; link_text_color__hover=&#8220;#014289&#8243; link_text_color__hover_enabled=&#8220;on|hover&#8220;]<\/p>\n<h3><\/h3>\n<p><span style=\"color: #000000;\">laut TDG \u00a76 Abs.5<\/span><span style=\"color: #000000;\"><\/span><\/p>\n<p>Die <span style=\"text-decoration: underline;\"><a href=\"https:\/\/www.idr-freiburg.de\/content\/praxis\/die-aerzte\/\">\u00c4rzte des IDR<\/a><\/span> sind Mitglieder der Landes\u00e4rztekammer Baden-W\u00fcrttemberg und haben ihre Berufsbezeichnung in Deutschland erworben. F\u00fcr sie gilt die Berufsordnung der \u00c4rzte in Baden-W\u00fcrttemberg. Aufsichtsbeh\u00f6rden sind die <a href=\"https:\/\/www.aerztekammer-bw.de\/\" target=\"_blank\" rel=\"noopener\"><span style=\"text-decoration: underline;\">Landes\u00e4rztekammer Baden-W\u00fcrttemberg<\/span><\/a> sowie die <a href=\"https:\/\/www.kvbawue.de\/\" target=\"_blank\" rel=\"noopener\"><span style=\"text-decoration: underline;\">Kassen\u00e4rztliche Vereinigung Baden-W\u00fcrttemberg<\/span>.<\/a><\/p>\n<p>[\/et_pb_text][\/et_pb_column][\/et_pb_row][et_pb_row custom_padding_last_edited=&#8220;on|phone&#8220; _builder_version=&#8220;4.16&#8243; _module_preset=&#8220;default&#8220; custom_margin=&#8220;||||false|false&#8220; custom_padding_tablet=&#8220;||0px||false|false&#8220; custom_padding_phone=&#8220;&#8220; global_colors_info=&#8220;{}&#8220;][et_pb_column type=&#8220;4_4&#8243; _builder_version=&#8220;4.16&#8243; _module_preset=&#8220;default&#8220; global_colors_info=&#8220;{}&#8220;][et_pb_divider show_divider=&#8220;off&#8220; show_divider_tablet=&#8220;off&#8220; show_divider_phone=&#8220;&#8220; show_divider_last_edited=&#8220;on|phone&#8220; _builder_version=&#8220;4.16&#8243; _module_preset=&#8220;default&#8220; global_colors_info=&#8220;{}&#8220;][\/et_pb_divider][\/et_pb_column][\/et_pb_row][\/et_pb_section][et_pb_section fb_built=&#8220;1&#8243; _builder_version=&#8220;4.16&#8243; _module_preset=&#8220;default&#8220; background_color=&#8220;RGBA(0,0,0,0)&#8220; custom_padding=&#8220;0px||0px||false|false&#8220; global_colors_info=&#8220;{%22gcid-96b88229-da64-4f14-afa5-f3d47a8141ef%22:%91%93}&#8220;][et_pb_row column_structure=&#8220;1_3,2_3&#8243; _builder_version=&#8220;4.16&#8243; _module_preset=&#8220;default&#8220; custom_padding=&#8220;0px||100px||false|false&#8220; global_colors_info=&#8220;{}&#8220;][et_pb_column type=&#8220;1_3&#8243; _builder_version=&#8220;4.16&#8243; _module_preset=&#8220;default&#8220; background_color=&#8220;gcid-96b88229-da64-4f14-afa5-f3d47a8141ef&#8220; custom_padding=&#8220;50px||50px||false|false&#8220; custom_padding_tablet=&#8220;40px|20px|30px|20px|false|false&#8220; custom_padding_phone=&#8220;|30px|||false|false&#8220; custom_padding_last_edited=&#8220;on|phone&#8220; global_colors_info=&#8220;{%22gcid-0ed248c1-eb15-4424-954a-cbcb8467f2ad%22:%91%93,%22gcid-96b88229-da64-4f14-afa5-f3d47a8141ef%22:%91%22background_color%22%93}&#8220;][et_pb_text content_last_edited=&#8220;off|desktop&#8220; admin_label=&#8220;Text &#8212; Headline + Intro&#8220; _builder_version=&#8220;4.16&#8243; _module_preset=&#8220;default&#8220; text_font=&#8220;||||||||&#8220; text_line_height=&#8220;1.5em&#8220; header_3_font=&#8220;|600|||||||&#8220; header_3_font_size=&#8220;20px&#8220; custom_margin=&#8220;||20px||false|false&#8220; custom_padding=&#8220;||||false|false&#8220; custom_padding_tablet=&#8220;|0px|||false|false&#8220; custom_padding_phone=&#8220;&#8220; custom_padding_last_edited=&#8220;on|phone&#8220; header_3_font_tablet=&#8220;&#8220; header_3_font_phone=&#8220;&#8220; header_3_font_last_edited=&#8220;on|desktop&#8220; header_3_text_align_tablet=&#8220;&#8220; header_3_text_align_phone=&#8220;&#8220; header_3_text_align_last_edited=&#8220;on|desktop&#8220; header_3_text_color_tablet=&#8220;&#8220; header_3_text_color_phone=&#8220;&#8220; header_3_text_color_last_edited=&#8220;on|desktop&#8220; header_3_font_size_tablet=&#8220;&#8220; header_3_font_size_phone=&#8220;&#8220; header_3_font_size_last_edited=&#8220;on|desktop&#8220; header_3_letter_spacing_tablet=&#8220;&#8220; header_3_letter_spacing_phone=&#8220;&#8220; header_3_letter_spacing_last_edited=&#8220;on|desktop&#8220; header_3_line_height_tablet=&#8220;&#8220; header_3_line_height_phone=&#8220;&#8220; header_3_line_height_last_edited=&#8220;on|desktop&#8220; global_colors_info=&#8220;{}&#8220;]<\/p>\n<h3 style=\"text-align: center;\">Nutzungsbedingungen<\/h3>\n<p>[\/et_pb_text][et_pb_divider color=&#8220;#000000&#8243; divider_weight=&#8220;2px&#8220; _builder_version=&#8220;4.16&#8243; _module_preset=&#8220;default&#8220; width=&#8220;50px&#8220; module_alignment=&#8220;center&#8220; custom_margin=&#8220;||||false|false&#8220; custom_padding=&#8220;||||false|false&#8220; global_colors_info=&#8220;{}&#8220;][\/et_pb_divider][\/et_pb_column][et_pb_column type=&#8220;2_3&#8243; _builder_version=&#8220;4.16&#8243; _module_preset=&#8220;default&#8220; global_colors_info=&#8220;{}&#8220;][et_pb_text content_last_edited=&#8220;off|desktop&#8220; admin_label=&#8220;Text Haftungsausschluss&#8220; _builder_version=&#8220;4.16&#8243; _module_preset=&#8220;default&#8220; text_font_size=&#8220;16px&#8220; text_line_height=&#8220;1.5em&#8220; header_3_font_size=&#8220;20px&#8220; custom_margin=&#8220;||20px||false|false&#8220; custom_padding=&#8220;||||false|false&#8220; header_3_font_size_tablet=&#8220;&#8220; header_3_font_size_phone=&#8220;17px&#8220; header_3_font_size_last_edited=&#8220;on|phone&#8220; header_3_letter_spacing_tablet=&#8220;&#8220; header_3_letter_spacing_phone=&#8220;&#8220; header_3_letter_spacing_last_edited=&#8220;on|desktop&#8220; header_3_line_height_tablet=&#8220;&#8220; header_3_line_height_phone=&#8220;1.3em&#8220; header_3_line_height_last_edited=&#8220;on|desktop&#8220; global_colors_info=&#8220;{}&#8220;]<\/p>\n<h3>Rechtlicher Hinweis, Haftungsausschluss<\/h3>\n<p>Alle Web-Seiten des Instituts f\u00fcr Diagnostische Radiologie Freiburg (nachfolgend \u201cIDR\u201d genannt) wurden unter Ber\u00fccksichtigung des deutschen Rechts verfasst. IDR hat die Daten auf dieser Website sorgf\u00e4ltig und nach dem neuesten Erkenntnisstand zusammengestellt. IDR kann jedoch keinerlei Garantien bez\u00fcglich der Richtigkeit und\/oder Vollst\u00e4ndigkeit der hier angegebenen oder zitierten Information, weder ausdr\u00fccklich noch implizit, abgeben.<\/p>\n<p>F\u00fcr Anleitungen, Hinweise, Empfehlungen oder Einsch\u00e4tzungen wird keine Haftung \u00fcbernommen, genausowenig f\u00fcr Fehler im Text oder falsche Links. F\u00fcr s\u00e4mtliche Inhalte auf verlinkten Seiten und WebSites sind ausschlie\u00dflich die jeweiligen Betreiber verantwortlich.<\/p>\n<p>Der Benutzer dieser Website erkennt an, dass deren Gebrauch sowie der Gebrauch der damit verbundenen Sites ausschliesslich auf dessen eigene Gefahr erfolgt und dass weder IDR noch eine andere Partei, die an der Erstellung der Informationen beteiligt war, eine Haftung f\u00fcr direkte, indirekte oder Folgesch\u00e4den jedwelcher Art \u00fcbernimmt. Alle erw\u00e4hnten Markennamen sind gesetzlich gesch\u00fctzt.<\/p>\n<p>[\/et_pb_text][et_pb_text content_last_edited=&#8220;off|desktop&#8220; admin_label=&#8220;Text Copyright&#8220; _builder_version=&#8220;4.16&#8243; _module_preset=&#8220;default&#8220; text_font_size=&#8220;16px&#8220; text_line_height=&#8220;1.5em&#8220; link_font=&#8220;||||on|||#666666|&#8220; link_text_color=&#8220;#666666&#8243; header_3_font_size=&#8220;20px&#8220; custom_margin=&#8220;||20px||false|false&#8220; custom_padding=&#8220;||||false|false&#8220; header_3_font_size_tablet=&#8220;&#8220; header_3_font_size_phone=&#8220;17px&#8220; header_3_font_size_last_edited=&#8220;on|phone&#8220; header_3_letter_spacing_tablet=&#8220;&#8220; header_3_letter_spacing_phone=&#8220;&#8220; header_3_letter_spacing_last_edited=&#8220;on|desktop&#8220; header_3_line_height_tablet=&#8220;&#8220; header_3_line_height_phone=&#8220;1.3em&#8220; header_3_line_height_last_edited=&#8220;on|desktop&#8220; global_colors_info=&#8220;{}&#8220; link_text_color__hover=&#8220;#014289&#8243; link_text_color__hover_enabled=&#8220;on|hover&#8220;]<\/p>\n<h3>Copyright<\/h3>\n<p>Alle Daten und das Design dieser Website sind urheberrechtlich gesch\u00fctzt. Alle Inhalte dienen ausschliesslich der pers\u00f6nlichen Information. Jegliche Bearbeitung, Vervielf\u00e4ltigung, Verbreitung und \u00f6ffentliche Wiedergabe ist untersagt und wird somit bei Zuwiderhandlung strafrechtlich verfolgt und zum Schadensersatz verpflichtet. Die \u00dcbernahme, Ver\u00f6ffentlichung oder Nutzung von Texten, Bildern oder anderen Daten bedarf der ausdr\u00fccklichen und schriftlichen Zustimmung sowohl der im Impressum als auch im Quellennachweis aufgef\u00fchrten Firmen und Personen. Weitere Informationen zu den eingesetzen Bildmotiven finden Sie im <a href=\"https:\/\/www.idr-freiburg.de\/content\/quellennachweis\/\">detaillierten Quellennachweis<\/a>.<\/p>\n<p>In dieser Website werden verschiedene Firmen-, Produkt- oder Servicenamen verwendet. Alle Unternehmens-, Produkt- oder Servicenamen bzw. deren Bezeichnungen k\u00f6nnen Waren- oder Dienstleistungszeichen oder eingetragene Waren- oder Dienstleistungszeichen anderer Unternehmen weltweit sein und sind als solche zu beachten. Es gilt die deutsche Rechtsprechung.<\/p>\n<p>[\/et_pb_text][et_pb_text content_last_edited=&#8220;off|desktop&#8220; admin_label=&#8220;Text Datenschutz&#8220; _builder_version=&#8220;4.16&#8243; _module_preset=&#8220;default&#8220; text_font_size=&#8220;16px&#8220; text_line_height=&#8220;1.5em&#8220; link_font=&#8220;||||on|||#666666|&#8220; link_text_color=&#8220;#666666&#8243; header_3_font_size=&#8220;20px&#8220; custom_margin=&#8220;||20px||false|false&#8220; custom_padding=&#8220;||||false|false&#8220; header_3_font_size_tablet=&#8220;&#8220; header_3_font_size_phone=&#8220;17px&#8220; header_3_font_size_last_edited=&#8220;on|phone&#8220; header_3_letter_spacing_tablet=&#8220;&#8220; header_3_letter_spacing_phone=&#8220;&#8220; header_3_letter_spacing_last_edited=&#8220;on|desktop&#8220; header_3_line_height_tablet=&#8220;&#8220; header_3_line_height_phone=&#8220;1.3em&#8220; header_3_line_height_last_edited=&#8220;on|desktop&#8220; global_colors_info=&#8220;{}&#8220; link_text_color__hover_enabled=&#8220;on|hover&#8220; link_text_color__hover=&#8220;#014289&#8243;]<\/p>\n<h3>Datenschutz<\/h3>\n<p>Der Schutz und die Sicherheit von pers\u00f6nlichen Daten hat bei uns eine hohe Priorit\u00e4t. Daher halten wir uns strikt an die Regeln der Europ\u00e4ischen Datenschutzgrundverordnung (EU-DSGVO). Mit der Nutzung der Webseite erkl\u00e4ren Sie sich mit den Bedingungen unserer Richtlinien zum Schutz pers\u00f6nlicher Daten einverstanden. Bitte lesen Sie hier unsere <a href=\"https:\/\/www.idr-freiburg.de\/content\/datenschutz\/\">detaillierte Datenschutzerkl\u00e4rung.<\/a><\/p>\n<p>[\/et_pb_text][et_pb_text content_last_edited=&#8220;off|desktop&#8220; admin_label=&#8220;Text Eigendiagnose&#8220; _builder_version=&#8220;4.16&#8243; _module_preset=&#8220;default&#8220; text_font_size=&#8220;16px&#8220; text_line_height=&#8220;1.5em&#8220; header_3_font_size=&#8220;20px&#8220; custom_margin=&#8220;||20px||false|false&#8220; custom_padding=&#8220;||0px||false|false&#8220; header_3_font_size_tablet=&#8220;&#8220; header_3_font_size_phone=&#8220;17px&#8220; header_3_font_size_last_edited=&#8220;on|phone&#8220; header_3_letter_spacing_tablet=&#8220;&#8220; header_3_letter_spacing_phone=&#8220;&#8220; header_3_letter_spacing_last_edited=&#8220;on|desktop&#8220; header_3_line_height_tablet=&#8220;&#8220; header_3_line_height_phone=&#8220;1.3em&#8220; header_3_line_height_last_edited=&#8220;on|desktop&#8220; global_colors_info=&#8220;{}&#8220;]<\/p>\n<h3>Bitte beachten Sie:<\/h3>\n<p>Die Informationen dieser Seiten sind kein Ersatz f\u00fcr eine professionelle Beratung oder Behandlung. Der Inhalt darf nicht verwendet werden, um eigenst\u00e4ndig Diagnosen zu stellen oder Selbstbehandlungen zu beginnen. Rechtsanspr\u00fcche k\u00f6nnen daraus nicht abgeleitet werden.<\/p>\n<p>[\/et_pb_text][\/et_pb_column][\/et_pb_row][\/et_pb_section]<\/p>\n","protected":false},"excerpt":{"rendered":"<p>Herausgeberverantwortlich f\u00fcr den Inhalt IDR \u2013 Institut f\u00fcr Diagnostische Radiologie Freiburg Gartenstra\u00dfe 28, 79098 Freiburg Telefon: (0761) 385.65-0 Telefax: (0761) 385.65-33 Redaktion (V.i.S.d.P.) Dr. med. Mark Schuschnig Dr. med. Friedrich Lissek Dr. med. David KanneThemenbeauftragteDatenschutz-Beauftragterb.e.consult GmbHHerr Achim WolfDr.-Rudolf-Eberle-Stra\u00dfe 8-1076534 Baden-BadenE-Mail: a.wolf@bendergruppe.comTelefon: (0175) 4335701 Medizinprodukte-BeauftragterDr. med. Sargon ZiyehTelefon: (0761) 385.65-45Konzeption und Designbeebox werbeagentur[ www.beebox.de ] Dr. med. Peter Krause Fotografie IDR Freiburg beebox werbeagentur, Freiburg Digital Vision by Getty Images Fotolia LLC, New York Clemens Sch\u00fc\u00dfler, Freiburg iStock by Getty Images Siemens Healthcare GmbH Fujifilm Europe GmbH Informationspflichten laut TDG \u00a76 Abs.5 Die \u00c4rzte des IDR sind Mitglieder der Landes\u00e4rztekammer Baden-W\u00fcrttemberg und haben ihre Berufsbezeichnung in Deutschland erworben. F\u00fcr sie gilt die Berufsordnung der \u00c4rzte in Baden-W\u00fcrttemberg. Aufsichtsbeh\u00f6rden sind die Landes\u00e4rztekammer Baden-W\u00fcrttemberg sowie die Kassen\u00e4rztliche Vereinigung Baden-W\u00fcrttemberg.NutzungsbedingungenRechtlicher Hinweis, Haftungsausschluss Alle Web-Seiten des Instituts f\u00fcr Diagnostische Radiologie Freiburg (nachfolgend \u201cIDR\u201d genannt) wurden unter Ber\u00fccksichtigung des deutschen Rechts verfasst. IDR hat die Daten auf dieser Website sorgf\u00e4ltig und nach dem neuesten Erkenntnisstand zusammengestellt. IDR kann jedoch keinerlei Garantien bez\u00fcglich der Richtigkeit und\/oder Vollst\u00e4ndigkeit der hier angegebenen oder zitierten Information, weder ausdr\u00fccklich noch implizit, abgeben. F\u00fcr Anleitungen, Hinweise, Empfehlungen oder Einsch\u00e4tzungen wird keine Haftung \u00fcbernommen, genausowenig f\u00fcr Fehler im Text oder falsche Links. F\u00fcr [&hellip;]<\/p>\n","protected":false},"author":2,"featured_media":0,"parent":0,"menu_order":30,"comment_status":"closed","ping_status":"closed","template":"","meta":{"_et_pb_use_builder":"on","_et_pb_old_content":"","_et_gb_content_width":"","footnotes":""},"class_list":["post-223655","page","type-page","status-publish","hentry"],"_links":{"self":[{"href":"https:\/\/www.idr-freiburg.de\/content\/wp-json\/wp\/v2\/pages\/223655","targetHints":{"allow":["GET"]}}],"collection":[{"href":"https:\/\/www.idr-freiburg.de\/content\/wp-json\/wp\/v2\/pages"}],"about":[{"href":"https:\/\/www.idr-freiburg.de\/content\/wp-json\/wp\/v2\/types\/page"}],"author":[{"embeddable":true,"href":"https:\/\/www.idr-freiburg.de\/content\/wp-json\/wp\/v2\/users\/2"}],"replies":[{"embeddable":true,"href":"https:\/\/www.idr-freiburg.de\/content\/wp-json\/wp\/v2\/comments?post=223655"}],"version-history":[{"count":2,"href":"https:\/\/www.idr-freiburg.de\/content\/wp-json\/wp\/v2\/pages\/223655\/revisions"}],"predecessor-version":[{"id":236698,"href":"https:\/\/www.idr-freiburg.de\/content\/wp-json\/wp\/v2\/pages\/223655\/revisions\/236698"}],"wp:attachment":[{"href":"https:\/\/www.idr-freiburg.de\/content\/wp-json\/wp\/v2\/media?parent=223655"}],"curies":[{"name":"wp","href":"https:\/\/api.w.org\/{rel}","templated":true}]}}