{"id":223623,"date":"2026-01-22T12:15:01","date_gmt":"2026-01-22T11:15:01","guid":{"rendered":"https:\/\/www.idr-freiburg.de\/content\/?page_id=223623"},"modified":"2026-01-22T12:36:24","modified_gmt":"2026-01-22T11:36:24","slug":"stellenangebote","status":"publish","type":"page","link":"https:\/\/www.idr-freiburg.de\/content\/praxis\/stellenangebote\/","title":{"rendered":"Stellenangebote"},"content":{"rendered":"<p>[et_pb_section fb_built=&#8220;1&#8243; fullwidth=&#8220;on&#8220; disabled_on=&#8220;on|off|off&#8220; admin_label=&#8220;Header Section Desktop\/Tablet&#8220; _builder_version=&#8220;4.16&#8243; background_color=&#8220;#000000&#8243; custom_padding=&#8220;|||&#8220; locked=&#8220;off&#8220; global_colors_info=&#8220;{}&#8220;][et_pb_fullwidth_header title=&#8220;Wir suchen die Stars&#8220; header_fullscreen=&#8220;on&#8220; header_scroll_down=&#8220;on&#8220; scroll_down_icon=&#8220;%%7%%&#8220; scroll_down_icon_color=&#8220;#FFFFFF&#8220; background_overlay_color=&#8220;rgba(0,0,0,0.2)&#8220; title_tablet=&#8220;Radiologie. Seit 1980.&#8220; title_phone=&#8220;Radiologie. Seit 1980.&#8220; title_last_edited=&#8220;off|desktop&#8220; content_max_width_last_edited=&#8220;off|desktop&#8220; admin_label=&#8220;Contents Desktop\/Tablet&#8220; _builder_version=&#8220;4.27.4&#8243; title_font=&#8220;|600|||||||&#8220; title_text_align=&#8220;center&#8220; title_font_size=&#8220;60px&#8220; title_line_height=&#8220;1.5em&#8220; subhead_font=&#8220;|600|||||||&#8220; subhead_text_align=&#8220;center&#8220; subhead_font_size=&#8220;25px&#8220; subhead_line_height=&#8220;1.9em&#8220; background_color=&#8220;#D8D8D8&#8243; background_image=&#8220;https:\/\/www.idr-freiburg.de\/content\/wp-content\/uploads\/2021\/08\/IDR-TopMotiv-Unsplash-fNUNt9w3m-Q-Mississauga-Canada-Warren-Wong.jpg&#8220; custom_button_one=&#8220;on&#8220; button_one_text_size=&#8220;15px&#8220; button_one_bg_color=&#8220;#dca57d&#8220; button_one_border_width=&#8220;10px&#8220; button_one_border_color=&#8220;#dca57d&#8220; button_one_border_radius=&#8220;0px&#8220; button_one_letter_spacing=&#8220;3px&#8220; button_one_font=&#8220;Oswald|||on|&#8220; button_one_use_icon=&#8220;off&#8220; filter_saturate=&#8220;75%&#8220; animation_style=&#8220;fade&#8220; animation_starting_opacity=&#8220;50%&#8220; animation_speed_curve=&#8220;ease-in&#8220; title_text_align_tablet=&#8220;&#8220; title_text_align_phone=&#8220;&#8220; title_text_align_last_edited=&#8220;on|tablet&#8220; title_font_size_tablet=&#8220;43px&#8220; title_font_size_phone=&#8220;33px&#8220; title_font_size_last_edited=&#8220;on|phone&#8220; subhead_font_size_tablet=&#8220;&#8220; subhead_font_size_phone=&#8220;20px&#8220; subhead_font_size_last_edited=&#8220;on|phone&#8220; subhead_line_height_tablet=&#8220;&#8220; subhead_line_height_phone=&#8220;1.2em&#8220; subhead_line_height_last_edited=&#8220;on|phone&#8220; button_one_border_color_hover=&#8220;#c99872&#8243; button_one_border_radius_hover=&#8220;0px&#8220; button_one_letter_spacing_hover=&#8220;3px&#8220; button_one_bg_color_hover=&#8220;#c99872&#8243; global_colors_info=&#8220;{}&#8220; button_one_text_size__hover_enabled=&#8220;off&#8220; button_two_text_size__hover_enabled=&#8220;off&#8220; button_one_text_color__hover_enabled=&#8220;off&#8220; button_two_text_color__hover_enabled=&#8220;off&#8220; button_one_border_width__hover_enabled=&#8220;off&#8220; button_two_border_width__hover_enabled=&#8220;off&#8220; button_one_border_color__hover_enabled=&#8220;on&#8220; button_one_border_color__hover=&#8220;#c99872&#8243; button_two_border_color__hover_enabled=&#8220;off&#8220; button_one_border_radius__hover_enabled=&#8220;on&#8220; button_one_border_radius__hover=&#8220;0px&#8220; button_two_border_radius__hover_enabled=&#8220;off&#8220; button_one_letter_spacing__hover_enabled=&#8220;on&#8220; button_one_letter_spacing__hover=&#8220;3px&#8220; button_two_letter_spacing__hover_enabled=&#8220;off&#8220; button_one_bg_color__hover_enabled=&#8220;on&#8220; button_one_bg_color__hover=&#8220;#c99872&#8243; button_two_bg_color__hover_enabled=&#8220;off&#8220;]<\/p>\n<p style=\"text-align: center;\">Im Bem\u00fchen, unsere Patienten bestm\u00f6glich zu versorgen, sind wir stets auf der Suche nach motivierten und kompetenten Mitgliedern f\u00fcr unser Team.<\/p>\n<p>[\/et_pb_fullwidth_header][\/et_pb_section][et_pb_section fb_built=&#8220;1&#8243; disabled_on=&#8220;off|on|on&#8220; admin_label=&#8220;Sektion FullHeader Phone&#8220; _builder_version=&#8220;4.16&#8243; _module_preset=&#8220;default&#8220; background_enable_image=&#8220;off&#8220; custom_margin=&#8220;|||0px|false|false&#8220; custom_padding=&#8220;0px||0px|0px|false|false&#8220; global_colors_info=&#8220;{}&#8220;][et_pb_row admin_label=&#8220;Zeile Phone&#8220; _builder_version=&#8220;4.16&#8243; _module_preset=&#8220;default&#8220; width=&#8220;100%&#8220; max_width=&#8220;100%&#8220; custom_margin=&#8220;0px||||false|false&#8220; custom_padding=&#8220;0px||0px||false|false&#8220; global_colors_info=&#8220;{}&#8220;][et_pb_column type=&#8220;4_4&#8243; _builder_version=&#8220;4.16&#8243; _module_preset=&#8220;default&#8220; global_colors_info=&#8220;{}&#8220;][dvmd_image_box image_url=&#8220;https:\/\/www.idr-freiburg.de\/content\/wp-content\/uploads\/2021\/08\/IDR-TopMotiv-Unsplash-fNUNt9w3m-Q-Mississauga-Canada-Warren-Wong.jpg&#8220; image_blend_mode=&#8220;multiply&#8220; image_position_preset_x=&#8220;75%&#8220; image_box_size_preset=&#8220;80%&#8220; image_box_background=&#8220;#FFFFFF&#8220; text_padding=&#8220;||||false|false&#8220; title_padding=&#8220;||||false|false&#8220; admin_label=&#8220;Image Box &#8211; FullHeader-Bild&#8220; _builder_version=&#8220;4.27.4&#8243; _module_preset=&#8220;default&#8220; background_enable_color=&#8220;off&#8220; custom_margin=&#8220;||0px||false|false&#8220; custom_padding=&#8220;||||false|false&#8220; global_colors_info=&#8220;{%22gcid-96b88229-da64-4f14-afa5-f3d47a8141ef%22:%91%22colorStart%22%93,%22gcid-53e92c0e-97f5-495d-b4a1-555cac7700e6%22:%91%93}&#8220;][\/dvmd_image_box][et_pb_text admin_label=&#8220;Text Header \/ Radiologen im IDR&#8220; _builder_version=&#8220;4.27.4&#8243; _module_preset=&#8220;default&#8220; header_font=&#8220;|600|||||||&#8220; header_text_align=&#8220;center&#8220; header_text_color=&#8220;#FFFFFF&#8220; header_font_size=&#8220;34px&#8220; background_color=&#8220;#000000&#8243; text_orientation=&#8220;center&#8220; custom_margin=&#8220;0px||10px||false|false&#8220; custom_padding=&#8220;15px||10px||false|false&#8220; header_text_align_tablet=&#8220;&#8220; header_text_align_phone=&#8220;&#8220; header_text_align_last_edited=&#8220;on|phone&#8220; global_colors_info=&#8220;{%22gcid-53e92c0e-97f5-495d-b4a1-555cac7700e6%22:%91%93}&#8220;]<\/p>\n<h1 style=\"text-align: center;\">Wir suchen die Stars.<\/h1>\n<p>[\/et_pb_text][\/et_pb_column][\/et_pb_row][et_pb_row disabled_on=&#8220;off|off|off&#8220; admin_label=&#8220;Zeile Phone&#8220; _builder_version=&#8220;4.16&#8243; _module_preset=&#8220;default&#8220; custom_padding=&#8220;0px||0px||false|false&#8220; global_colors_info=&#8220;{}&#8220;][et_pb_column type=&#8220;4_4&#8243; _builder_version=&#8220;4.16&#8243; _module_preset=&#8220;default&#8220; global_colors_info=&#8220;{}&#8220;][et_pb_text _builder_version=&#8220;4.27.4&#8243; _module_preset=&#8220;default&#8220; global_colors_info=&#8220;{}&#8220;]<\/p>\n<p style=\"text-align: center;\">Im Bem\u00fchen, unsere Patienten bestm\u00f6glich zu versorgen, sind wir stets auf der Suche nach motivierten und kompetenten Mitgliedern f\u00fcr unser Team.<\/p>\n<p>[\/et_pb_text][\/et_pb_column][\/et_pb_row][\/et_pb_section][et_pb_section fb_built=&#8220;1&#8243; disabled_on=&#8220;off|off|off&#8220; admin_label=&#8220;Sektion &#8211; BLOG-LISTE &#8211; STELLENANGEBOTE&#8220; module_id=&#8220;stellenliste&#8220; _builder_version=&#8220;4.17.3&#8243; _module_preset=&#8220;default&#8220; custom_margin=&#8220;100px||||false|false&#8220; custom_margin_tablet=&#8220;0px||||false|false&#8220; custom_margin_phone=&#8220;&#8220; custom_margin_last_edited=&#8220;on|tablet&#8220; custom_padding=&#8220;||10px||false|false&#8220; global_colors_info=&#8220;{}&#8220;][et_pb_row column_structure=&#8220;1_3,2_3&#8243; use_custom_gutter=&#8220;on&#8220; gutter_width=&#8220;1&#8243; _builder_version=&#8220;4.17.3&#8243; _module_preset=&#8220;default&#8220; custom_padding=&#8220;0px||10px||false|false&#8220; global_colors_info=&#8220;{}&#8220;][et_pb_column type=&#8220;1_3&#8243; _builder_version=&#8220;4.16&#8243; _module_preset=&#8220;default&#8220; global_colors_info=&#8220;{}&#8220;][et_pb_divider color=&#8220;#D8D8D8&#8243; disabled_on=&#8220;on|on|off&#8220; _builder_version=&#8220;4.17.3&#8243; _module_preset=&#8220;default&#8220; custom_padding=&#8220;85px||||false|false&#8220; custom_padding_last_edited=&#8220;off|phone&#8220; global_colors_info=&#8220;{}&#8220;][\/et_pb_divider][et_pb_divider color=&#8220;#666666&#8243; disabled_on=&#8220;off|on|on&#8220; _builder_version=&#8220;4.17.3&#8243; _module_preset=&#8220;default&#8220; global_colors_info=&#8220;{}&#8220;][\/et_pb_divider][et_pb_text _builder_version=&#8220;4.27.5&#8243; _module_preset=&#8220;default&#8220; custom_padding=&#8220;|30px|0px|30px|false|false&#8220; custom_padding_tablet=&#8220;|30px|60px|30px|false|false&#8220; custom_padding_phone=&#8220;|0px||0px|false|false&#8220; custom_padding_last_edited=&#8220;on|phone&#8220; hover_enabled=&#8220;0&#8243; global_colors_info=&#8220;{}&#8220; sticky_enabled=&#8220;0&#8243;]<\/p>\n<p style=\"text-align: center;\"><em>Wir sind derzeit ausreichend besetzt. Da sich dies erfahrungsgem\u00e4\u00df schnell \u00e4ndern kann, freuen wir uns \u00fcber Ihre aussagekr\u00e4ftige Initiativbewerbung.<\/em><\/p>\n<p>[\/et_pb_text][\/et_pb_column][et_pb_column type=&#8220;2_3&#8243; _builder_version=&#8220;4.16&#8243; _module_preset=&#8220;default&#8220; global_colors_info=&#8220;{}&#8220;][et_pb_blog include_categories=&#8220;16&#8243; show_thumbnail=&#8220;off&#8220; show_more=&#8220;on&#8220; show_author=&#8220;off&#8220; show_date=&#8220;off&#8220; show_categories=&#8220;off&#8220; disabled_on=&#8220;off|off|off&#8220; admin_label=&#8220;Blog-Liste Stellenangebote Komplett&#8220; module_class=&#8220;bbxBlogIconPlus&#8220; _builder_version=&#8220;4.19.4&#8243; _module_preset=&#8220;default&#8220; header_font_size=&#8220;26px&#8220; body_font=&#8220;Barlow||||||||&#8220; body_text_color=&#8220;#aaaaaa&#8220; body_font_size=&#8220;26px&#8220; body_line_height=&#8220;1em&#8220; read_more_font=&#8220;||on||||||&#8220; read_more_text_color=&#8220;#000000&#8243; read_more_font_size=&#8220;18px&#8220; read_more_line_height=&#8220;3em&#8220; background_color=&#8220;RGBA(0,0,0,0)&#8220; header_font_size_tablet=&#8220;26px&#8220; header_font_size_phone=&#8220;22px&#8220; header_font_size_last_edited=&#8220;on|tablet&#8220; body_font_size_tablet=&#8220;&#8220; body_font_size_phone=&#8220;22px&#8220; body_font_size_last_edited=&#8220;on|phone&#8220; body_line_height_tablet=&#8220;2.5em&#8220; body_line_height_phone=&#8220;&#8220; body_line_height_last_edited=&#8220;on|desktop&#8220; custom_css_title=&#8220;padding-left:30px;&#8220; custom_css_content=&#8220;padding-left:30px;&#8220; custom_css_featured_image=&#8220;max-width: 64px;||margin-left:30px;&#8220; custom_css_read_more=&#8220;border-top:1px #aaa solid;||margin-top:15px;||margin-bottom:100px;||padding-top:15px;||&#8220; border_width_left_fullwidth=&#8220;1px&#8220; border_color_left_fullwidth=&#8220;gcid-53e92c0e-97f5-495d-b4a1-555cac7700e6&#8243; global_module=&#8220;224276&#8243; saved_tabs=&#8220;all&#8220; global_colors_info=&#8220;{%22gcid-53e92c0e-97f5-495d-b4a1-555cac7700e6%22:%91%22border_color_left_fullwidth%22%93}&#8220; read_more_text_color__hover_enabled=&#8220;on|hover&#8220; read_more_text_color__hover=&#8220;#9DA7CF&#8220;][\/et_pb_blog][\/et_pb_column][\/et_pb_row][\/et_pb_section][et_pb_section fb_built=&#8220;1&#8243; disabled_on=&#8220;on|on|on&#8220; admin_label=&#8220;Sektion &#8212; TEAM KOMPLETT &#8211; INITIATIV-BEWERBUNG&#8220; module_id=&#8220;stellenliste&#8220; _builder_version=&#8220;4.17.3&#8243; _module_preset=&#8220;default&#8220; custom_margin=&#8220;100px||||false|false&#8220; custom_margin_tablet=&#8220;0px||||false|false&#8220; custom_margin_phone=&#8220;&#8220; custom_margin_last_edited=&#8220;on|tablet&#8220; custom_padding=&#8220;||10px||false|false&#8220; disabled=&#8220;on&#8220; global_module=&#8220;228950&#8243; saved_tabs=&#8220;all&#8220; global_colors_info=&#8220;{}&#8220;][et_pb_row column_structure=&#8220;1_5,3_5,1_5&#8243; use_custom_gutter=&#8220;on&#8220; gutter_width=&#8220;1&#8243; _builder_version=&#8220;4.17.3&#8243; _module_preset=&#8220;default&#8220; custom_padding=&#8220;0px||10px||false|false&#8220; global_colors_info=&#8220;{}&#8220;][et_pb_column type=&#8220;1_5&#8243; _builder_version=&#8220;4.16&#8243; _module_preset=&#8220;default&#8220; global_colors_info=&#8220;{}&#8220;][\/et_pb_column][et_pb_column type=&#8220;3_5&#8243; _builder_version=&#8220;4.16&#8243; _module_preset=&#8220;default&#8220; global_colors_info=&#8220;{}&#8220;][et_pb_text admin_label=&#8220;Headline &#8212; INITIATIV-BEWERBUNG&#8220; _builder_version=&#8220;4.21.0&#8243; _module_preset=&#8220;default&#8220; text_font=&#8220;||||||||&#8220; text_line_height=&#8220;1.4em&#8220; text_orientation=&#8220;center&#8220; custom_margin=&#8220;||20px||false|false&#8220; global_colors_info=&#8220;{}&#8220;]<\/p>\n<h1>Unser Team ist zur Zeit komplett.<br \/>Wir freuen uns jedoch auf jede Initiativ-Bewerbung.<\/h1>\n<p>[\/et_pb_text][et_pb_text admin_label=&#8220;Text &#8212; INITIATIV-BEWERBUNG&#8220; _builder_version=&#8220;4.21.0&#8243; _module_preset=&#8220;default&#8220; text_font=&#8220;||||||||&#8220; text_line_height=&#8220;1.4em&#8220; text_orientation=&#8220;center&#8220; custom_margin=&#8220;||20px||false|false&#8220; global_colors_info=&#8220;{}&#8220;]<\/p>\n<p>Sie m\u00f6chten mit uns arbeiten? Derzeit ist unser Team komplett. Wir freuen uns jedoch immer \u00fcber interessante Bewerbungen und ber\u00fccksichtigen diese bei zuk\u00fcnftigen Ausschreibungen. Vielleicht ben\u00f6tigen wir gerade Sie in n\u00e4chster Zeit.<\/p>\n<p>[\/et_pb_text][et_pb_text admin_label=&#8220;Text &#8212; Sie f\u00fchlen sich angesprochen?&#8220; _builder_version=&#8220;4.21.0&#8243; _module_preset=&#8220;default&#8220; text_font=&#8220;||||||||&#8220; text_line_height=&#8220;1.4em&#8220; text_orientation=&#8220;center&#8220; custom_margin=&#8220;||20px||false|false&#8220; locked=&#8220;off&#8220; global_colors_info=&#8220;{}&#8220;]<\/p>\n<p><strong><span style=\"color: #000000;\">Sie passen gut in unser Radiologie-Team und wollen sich vorstellen?<br \/><\/span><\/strong>Bitte senden Sie Ihre aussagekr\u00e4ftige Initiativ-Bewerbung schriftlich (inkl. Referenzen und Ihrem jeweiligen Aufgabenbereich) mit Angabe Ihrer Gehaltsvorstellung und dem n\u00e4chstm\u00f6glichen Eintrittstermin an unseren zentralen Verwaltungssitz in der Gartenstra\u00dfe in Freiburg:<\/p>\n<p><strong><span style=\"color: #000000;\">Per Post:<\/span><\/strong><br \/>IDR, Institut f\u00fcr Diagnostische Radiologie<br \/>z.Hd. Frau Michaela Metzger-Sieferer<br \/>Gartenstra\u00dfe 28, 79098 Freiburg im Breisgau.<\/p>\n<p><strong><span style=\"color: #000000;\">Oder bevorzugt per E-Mail:<\/span><\/strong><br \/><a href=\"mailto:bewerbung@idr-freiburg.de\">bewerbung@idr-freiburg.de<\/a> <br \/>(Anh\u00e4nge bitte ausschlie\u00dflich als PDF-Datei)<\/p>\n<p>[\/et_pb_text][\/et_pb_column][et_pb_column type=&#8220;1_5&#8243; _builder_version=&#8220;4.16&#8243; _module_preset=&#8220;default&#8220; global_colors_info=&#8220;{}&#8220;][\/et_pb_column][\/et_pb_row][\/et_pb_section][et_pb_section fb_built=&#8220;1&#8243; admin_label=&#8220;IDR Sektion JobRadPartner&#8220; _builder_version=&#8220;4.17.3&#8243; _module_preset=&#8220;default&#8220; background_color=&#8220;#eeeeee&#8220; custom_margin=&#8220;0px||0px||false|false&#8220; custom_padding=&#8220;20px||20px||false|false&#8220; global_module=&#8220;228278&#8243; saved_tabs=&#8220;all&#8220; locked=&#8220;off&#8220; global_colors_info=&#8220;{}&#8220;][et_pb_row column_structure=&#8220;1_3,2_3&#8243; _builder_version=&#8220;4.17.3&#8243; _module_preset=&#8220;default&#8220; global_colors_info=&#8220;{}&#8220;][et_pb_column type=&#8220;1_3&#8243; _builder_version=&#8220;4.17.3&#8243; _module_preset=&#8220;default&#8220; global_colors_info=&#8220;{}&#8220;][et_pb_image src=&#8220;https:\/\/www.idr-freiburg.de\/content\/wp-content\/uploads\/2022\/04\/Logo-Jobrad.png&#8220; alt=&#8220;IDR ist JobRad-Partner&#8220; title_text=&#8220;IDR ist JobRad-Partner&#8220; url=&#8220;https:\/\/www.jobrad.org\/arbeitnehmer.html&#8220; url_new_window=&#8220;on&#8220; admin_label=&#8220;Bild JobRad Logo&#8220; _builder_version=&#8220;4.17.3&#8243; _module_preset=&#8220;default&#8220; global_colors_info=&#8220;{}&#8220;][\/et_pb_image][\/et_pb_column][et_pb_column type=&#8220;2_3&#8243; _builder_version=&#8220;4.17.3&#8243; _module_preset=&#8220;default&#8220; global_colors_info=&#8220;{}&#8220;][et_pb_accordion open_toggle_text_color=&#8220;#000000&#8243; open_toggle_background_color=&#8220;rgba(0,0,0,0)&#8220; closed_toggle_background_color=&#8220;rgba(0,0,0,0)&#8220; icon_color=&#8220;#000000&#8243; admin_label=&#8220;Day08-Accordion2 &#8212; Info JobRad&#8220; _builder_version=&#8220;4.27.4&#8243; toggle_font=&#8220;|600|||||||&#8220; toggle_text_align=&#8220;left&#8220; toggle_font_size=&#8220;22px&#8220; body_font=&#8220;||||||||&#8220; body_text_align=&#8220;left&#8220; body_text_color=&#8220;#888888&#8243; body_line_height=&#8220;1.5em&#8220; background_color=&#8220;RGBA(255,255,255,0)&#8220; text_orientation=&#8220;left&#8220; width_last_edited=&#8220;off|desktop&#8220; custom_margin=&#8220;0px|30px|0px||false|false&#8220; custom_margin_tablet=&#8220;|0px||0px|false|false&#8220; custom_margin_phone=&#8220;|||0px|false|false&#8220; custom_margin_last_edited=&#8220;off|desktop&#8220; toggle_font_size_tablet=&#8220;22px&#8220; toggle_font_size_phone=&#8220;18px&#8220; toggle_font_size_last_edited=&#8220;on|desktop&#8220; toggle_line_height_tablet=&#8220;120%&#8220; toggle_line_height_phone=&#8220;&#8220; toggle_line_height_last_edited=&#8220;on|desktop&#8220; custom_css_main_element=&#8220;color: #dce7eb !important;&#8220; custom_css_toggle=&#8220;border-bottom: #cccccc 1px solid !important;||border-top: #cccccc 1px solid !important;||padding: 0;||margin-bottom: 0 !important;&#8220; custom_css_toggle_title=&#8220;padding: 27px 0 27px 50px !important;&#8220; custom_css_toggle_icon=&#8220; font-size: 30px;|| right: auto;|| left: 0;&#8220; custom_css_toggle_content=&#8220; padding-left: 50px;|| padding-top: 0;|| margin-top: -6px;|| line-height: 170%;|| padding-right: 0.2vw;|| padding-bottom: 29px;&#8220; locked=&#8220;off&#8220; global_colors_info=&#8220;{}&#8220; closed_toggle_background_color__hover_enabled=&#8220;off|hover&#8220; icon_color__hover_enabled=&#8220;on|hover&#8220; icon_color__hover=&#8220;#9DA7CF&#8220; custom_margin__hover_enabled=&#8220;off|hover&#8220;][et_pb_accordion_item title=&#8220;IDR ist JOBRAD\u00ae-Partner&#8220; open=&#8220;on&#8220; _builder_version=&#8220;4.27.4&#8243; body_link_text_color=&#8220;#41a001&#8243; background_size=&#8220;initial&#8220; background_position=&#8220;top_left&#8220; background_repeat=&#8220;repeat&#8220; text_orientation=&#8220;left&#8220; module_alignment=&#8220;left&#8220; custom_padding=&#8220;||||false|false&#8220; global_colors_info=&#8220;{}&#8220;]<\/p>\n<p>Radfahren h\u00e4lt fit, macht Spa\u00df und den Kopf frei. Ob Stadt- oder Tourenrad, Mountainbike oder Rennrad, Pedelec oder S-Pedelec, Liege- oder Lastenrad: Jedes Rad kann ein JobRad\u00ae sein.<\/p>\n<p>Als Arbeitgeber leasen wir Ihr JobRad\u00ae. Sie fahren es, wann immer Sie wollen: zur Arbeit, im Alltag, in den Ferien oder beim Sport. Das n\u00fctzt der Umwelt, macht Sie fitter \u2013 und Sie fahren in jedem Fall bis zu 40 % g\u00fcnstiger.<\/p>\n<p>Erfahren Sie mehr: <a href=\"https:\/\/www.jobrad.org\/arbeitnehmer.html#ihrevorteilemitjobrad\" target=\"_blank\" rel=\"noopener\">JobRad\u00ae einfach erkl\u00e4rt!<\/a><\/p>\n<p>[\/et_pb_accordion_item][\/et_pb_accordion][\/et_pb_column][\/et_pb_row][\/et_pb_section]<\/p>\n","protected":false},"excerpt":{"rendered":"<p>Im Bem\u00fchen, unsere Patienten bestm\u00f6glich zu versorgen, sind wir stets auf der Suche nach motivierten und kompetenten Mitgliedern f\u00fcr unser Team.<div class=\"et_pb_module dvmd_image_box dvmd_image_box_0 dvmd_ib_version_2_0_1\">\n\t\t\t\t\n\t\t\t\t\n\t\t\t\t\n\t\t\t\t\n\t\t\t\t\n\t\t\t\t\n\t\t\t\t<div class=\"et_pb_module_inner\">\n\t\t\t\t\t<div class=\"dvmd_ib_image\"><span role=\"figure\" aria-label=\"IDR-TopMotiv-Unsplash-fNUNt9w3m-Q-Mississauga-Canada&#8211;Warren-Wong\" class=\"dvmd_ib_image_wrap\"><img decoding=\"async\" src=\"https:\/\/www.idr-freiburg.de\/content\/wp-content\/uploads\/2021\/08\/IDR-TopMotiv-Unsplash-fNUNt9w3m-Q-Mississauga-Canada-Warren-Wong.jpg\" title=\"IDR-TopMotiv-Unsplash-fNUNt9w3m-Q-Mississauga-Canada&#8211;Warren-Wong\" alt=\"\" srcset=\"https:\/\/www.idr-freiburg.de\/content\/wp-content\/uploads\/2021\/08\/IDR-TopMotiv-Unsplash-fNUNt9w3m-Q-Mississauga-Canada-Warren-Wong.jpg 1920w, https:\/\/www.idr-freiburg.de\/content\/wp-content\/uploads\/2021\/08\/IDR-TopMotiv-Unsplash-fNUNt9w3m-Q-Mississauga-Canada-Warren-Wong-1280x800.jpg 1280w, https:\/\/www.idr-freiburg.de\/content\/wp-content\/uploads\/2021\/08\/IDR-TopMotiv-Unsplash-fNUNt9w3m-Q-Mississauga-Canada-Warren-Wong-980x613.jpg 980w, https:\/\/www.idr-freiburg.de\/content\/wp-content\/uploads\/2021\/08\/IDR-TopMotiv-Unsplash-fNUNt9w3m-Q-Mississauga-Canada-Warren-Wong-480x300.jpg 480w\" sizes=\"(min-width: 0px) and (max-width: 480px) 480px, (min-width: 481px) and (max-width: 980px) 980px, (min-width: 981px) and (max-width: 1280px) 1280px, (min-width: 1281px) 1920px, 100vw\" \/><\/span><\/div>\n\t\t\t\t<\/div>\n\t\t\t<\/div>Wir suchen die Stars.Im Bem\u00fchen, unsere Patienten bestm\u00f6glich zu versorgen, sind wir stets auf der Suche nach motivierten und kompetenten Mitgliedern f\u00fcr unser Team.Wir sind derzeit ausreichend besetzt. Da sich dies erfahrungsgem\u00e4\u00df schnell \u00e4ndern kann, freuen wir uns \u00fcber Ihre aussagekr\u00e4ftige Initiativbewerbung.Unser Team ist zur Zeit komplett.Wir freuen uns jedoch auf jede Initiativ-Bewerbung.Sie m\u00f6chten mit uns arbeiten? Derzeit ist unser Team komplett. Wir freuen uns jedoch immer \u00fcber interessante Bewerbungen und ber\u00fccksichtigen diese bei zuk\u00fcnftigen Ausschreibungen. Vielleicht ben\u00f6tigen wir gerade Sie in n\u00e4chster Zeit.Sie passen gut in unser Radiologie-Team und wollen sich vorstellen?Bitte senden Sie Ihre aussagekr\u00e4ftige Initiativ-Bewerbung schriftlich (inkl. Referenzen und Ihrem jeweiligen Aufgabenbereich) mit Angabe Ihrer Gehaltsvorstellung und dem n\u00e4chstm\u00f6glichen Eintrittstermin an unseren zentralen Verwaltungssitz in der Gartenstra\u00dfe in Freiburg: Per Post:IDR, Institut f\u00fcr Diagnostische Radiologiez.Hd. Frau Michaela Metzger-SiefererGartenstra\u00dfe 28, 79098 Freiburg im Breisgau. Oder bevorzugt per E-Mail:bewerbung@idr-freiburg.de (Anh\u00e4nge bitte ausschlie\u00dflich als PDF-Datei)Radfahren h\u00e4lt fit, macht Spa\u00df und den Kopf frei. Ob Stadt- oder Tourenrad, Mountainbike oder Rennrad, Pedelec oder S-Pedelec, [&hellip;]<\/p>\n","protected":false},"author":2,"featured_media":0,"parent":223629,"menu_order":4,"comment_status":"closed","ping_status":"closed","template":"","meta":{"_et_pb_use_builder":"on","_et_pb_old_content":"","_et_gb_content_width":"","footnotes":""},"class_list":["post-223623","page","type-page","status-publish","hentry"],"_links":{"self":[{"href":"https:\/\/www.idr-freiburg.de\/content\/wp-json\/wp\/v2\/pages\/223623","targetHints":{"allow":["GET"]}}],"collection":[{"href":"https:\/\/www.idr-freiburg.de\/content\/wp-json\/wp\/v2\/pages"}],"about":[{"href":"https:\/\/www.idr-freiburg.de\/content\/wp-json\/wp\/v2\/types\/page"}],"author":[{"embeddable":true,"href":"https:\/\/www.idr-freiburg.de\/content\/wp-json\/wp\/v2\/users\/2"}],"replies":[{"embeddable":true,"href":"https:\/\/www.idr-freiburg.de\/content\/wp-json\/wp\/v2\/comments?post=223623"}],"version-history":[{"count":1,"href":"https:\/\/www.idr-freiburg.de\/content\/wp-json\/wp\/v2\/pages\/223623\/revisions"}],"predecessor-version":[{"id":236694,"href":"https:\/\/www.idr-freiburg.de\/content\/wp-json\/wp\/v2\/pages\/223623\/revisions\/236694"}],"up":[{"embeddable":true,"href":"https:\/\/www.idr-freiburg.de\/content\/wp-json\/wp\/v2\/pages\/223629"}],"wp:attachment":[{"href":"https:\/\/www.idr-freiburg.de\/content\/wp-json\/wp\/v2\/media?parent=223623"}],"curies":[{"name":"wp","href":"https:\/\/api.w.org\/{rel}","templated":true}]}}