{"id":223619,"date":"2021-05-03T12:59:39","date_gmt":"2021-05-03T10:59:39","guid":{"rendered":"https:\/\/www.idr-freiburg.de\/content\/?page_id=223619"},"modified":"2025-06-03T10:23:42","modified_gmt":"2025-06-03T08:23:42","slug":"das-institut","status":"publish","type":"page","link":"https:\/\/www.idr-freiburg.de\/content\/praxis\/das-institut\/","title":{"rendered":"Das Institut"},"content":{"rendered":"<p>[et_pb_section fb_built=&#8220;1&#8243; fullwidth=&#8220;on&#8220; disabled_on=&#8220;on|off|off&#8220; admin_label=&#8220;Header Section&#8220; _builder_version=&#8220;4.16&#8243; background_color=&#8220;#000000&#8243; custom_padding=&#8220;|||&#8220; global_colors_info=&#8220;{}&#8220;][et_pb_fullwidth_header title=&#8220;IDR. Seit 1980.&#8220; header_fullscreen=&#8220;on&#8220; header_scroll_down=&#8220;on&#8220; scroll_down_icon=&#8220;%%7%%&#8220; scroll_down_icon_color=&#8220;#FFFFFF&#8220; background_overlay_color=&#8220;rgba(0,0,0,0.1)&#8220; content_max_width=&#8220;40%&#8220; title_tablet=&#8220;Radiologie. Seit 1980.&#8220; title_phone=&#8220;Radiologie. Seit 1980.&#8220; title_last_edited=&#8220;off|tablet&#8220; content_max_width_last_edited=&#8220;off|desktop&#8220; admin_label=&#8220;Content \/ Radiologie. Seit 1980.&#8220; _builder_version=&#8220;4.16&#8243; title_font=&#8220;|600|||||||&#8220; title_text_align=&#8220;left&#8220; title_font_size=&#8220;60px&#8220; title_line_height=&#8220;1.5em&#8220; subhead_font=&#8220;Nunito|600|||||||&#8220; subhead_font_size=&#8220;20px&#8220; subhead_line_height=&#8220;1.9em&#8220; background_color=&#8220;rgba(255, 255, 255, 0)&#8220; use_background_color_gradient=&#8220;on&#8220; background_color_gradient_stops=&#8220;rgba(102,102,102,0.7) 0%|rgba(61,61,61,0.15) 40%&#8220; background_color_gradient_overlays_image=&#8220;on&#8220; background_color_gradient_start=&#8220;rgba(102,102,102,0.7)&#8220; background_color_gradient_end=&#8220;rgba(61,61,61,0.15)&#8220; background_color_gradient_end_position=&#8220;40%&#8220; background_image=&#8220;https:\/\/www.idr-freiburg.de\/content\/wp-content\/uploads\/2021\/02\/IDR-TopMotiv-iStock-638646824-ArztGruppe-TopView.jpg&#8220; background_blend=&#8220;multiply&#8220; custom_button_one=&#8220;on&#8220; button_one_text_size=&#8220;15px&#8220; button_one_bg_color=&#8220;#dca57d&#8220; button_one_border_width=&#8220;10px&#8220; button_one_border_color=&#8220;#dca57d&#8220; button_one_border_radius=&#8220;0px&#8220; button_one_letter_spacing=&#8220;3px&#8220; button_one_font=&#8220;Oswald|||on|&#8220; button_one_use_icon=&#8220;off&#8220; animation_style=&#8220;fade&#8220; animation_starting_opacity=&#8220;50%&#8220; animation_speed_curve=&#8220;ease-in&#8220; title_text_align_tablet=&#8220;&#8220; title_text_align_phone=&#8220;&#8220; title_text_align_last_edited=&#8220;on|tablet&#8220; title_font_size_tablet=&#8220;43px&#8220; title_font_size_phone=&#8220;33px&#8220; title_font_size_last_edited=&#8220;on|phone&#8220; title_text_shadow_style=&#8220;preset2&#8243; button_one_border_color_hover=&#8220;#c99872&#8243; button_one_border_radius_hover=&#8220;0px&#8220; button_one_letter_spacing_hover=&#8220;3px&#8220; button_one_bg_color_hover=&#8220;#c99872&#8243; global_colors_info=&#8220;{}&#8220; button_one_text_size__hover_enabled=&#8220;off&#8220; button_two_text_size__hover_enabled=&#8220;off&#8220; button_one_text_color__hover_enabled=&#8220;off&#8220; button_two_text_color__hover_enabled=&#8220;off&#8220; button_one_border_width__hover_enabled=&#8220;off&#8220; button_two_border_width__hover_enabled=&#8220;off&#8220; button_one_border_color__hover_enabled=&#8220;on&#8220; button_one_border_color__hover=&#8220;#c99872&#8243; button_two_border_color__hover_enabled=&#8220;off&#8220; button_one_border_radius__hover_enabled=&#8220;on&#8220; button_one_border_radius__hover=&#8220;0px&#8220; button_two_border_radius__hover_enabled=&#8220;off&#8220; button_one_letter_spacing__hover_enabled=&#8220;on&#8220; button_one_letter_spacing__hover=&#8220;3px&#8220; button_two_letter_spacing__hover_enabled=&#8220;off&#8220; button_one_bg_color__hover_enabled=&#8220;on&#8220; button_one_bg_color__hover=&#8220;#c99872&#8243; button_two_bg_color__hover_enabled=&#8220;off&#8220;][\/et_pb_fullwidth_header][\/et_pb_section][et_pb_section fb_built=&#8220;1&#8243; disabled_on=&#8220;off|on|on&#8220; admin_label=&#8220;Sektion FullHeader Phone&#8220; _builder_version=&#8220;4.16&#8243; _module_preset=&#8220;default&#8220; background_enable_image=&#8220;off&#8220; custom_margin=&#8220;|||0px|false|false&#8220; custom_padding=&#8220;0px||0px|0px|false|false&#8220; global_colors_info=&#8220;{}&#8220;][et_pb_row _builder_version=&#8220;4.16&#8243; _module_preset=&#8220;default&#8220; width=&#8220;100%&#8220; max_width=&#8220;100%&#8220; custom_margin=&#8220;0px||||false|false&#8220; custom_padding=&#8220;0px||0px||false|false&#8220; global_colors_info=&#8220;{}&#8220;][et_pb_column type=&#8220;4_4&#8243; _builder_version=&#8220;4.16&#8243; _module_preset=&#8220;default&#8220; global_colors_info=&#8220;{}&#8220;][dvmd_image_box image_url=&#8220;https:\/\/www.idr-freiburg.de\/content\/wp-content\/uploads\/2021\/02\/IDR-TopMotiv-iStock-638646824-ArztGruppe-TopView.jpg&#8220; image_blend_mode=&#8220;multiply&#8220; image_position_preset_x=&#8220;90%&#8220; image_box_size_preset=&#8220;80%&#8220; image_box_background=&#8220;rgba(102,102,102,0.25)&#8220; text_padding=&#8220;||||false|false&#8220; title_padding=&#8220;||||false|false&#8220; admin_label=&#8220;Image Box &#8211; FullHeader-Bild \/ Das Institut &#8220; _builder_version=&#8220;4.16&#8243; _module_preset=&#8220;default&#8220; background_enable_color=&#8220;off&#8220; custom_margin=&#8220;||||false|false&#8220; custom_padding=&#8220;||||false|false&#8220; global_colors_info=&#8220;{%22gcid-96b88229-da64-4f14-afa5-f3d47a8141ef%22:%91%22colorStart%22%93,%22gcid-53e92c0e-97f5-495d-b4a1-555cac7700e6%22:%91%93}&#8220;][\/dvmd_image_box][et_pb_text admin_label=&#8220;Text Header Seite&#8220; _builder_version=&#8220;4.16&#8243; _module_preset=&#8220;default&#8220; header_font=&#8220;|600|||||||&#8220; header_text_color=&#8220;gcid-53e92c0e-97f5-495d-b4a1-555cac7700e6&#8243; header_font_size=&#8220;34px&#8220; text_orientation=&#8220;center&#8220; custom_margin=&#8220;||||false|false&#8220; global_colors_info=&#8220;{%22gcid-53e92c0e-97f5-495d-b4a1-555cac7700e6%22:%91%22header_text_color%22%93}&#8220;]<\/p>\n<h1>IDR. Seit 1980.<\/h1>\n<p>[\/et_pb_text][\/et_pb_column][\/et_pb_row][\/et_pb_section][et_pb_section fb_built=&#8220;1&#8243; custom_padding_last_edited=&#8220;on|phone&#8220; _builder_version=&#8220;4.16&#8243; _module_preset=&#8220;default&#8220; custom_margin=&#8220;50px||||false|false&#8220; custom_margin_tablet=&#8220;0px||||false|false&#8220; custom_margin_phone=&#8220;0px||||false|false&#8220; custom_margin_last_edited=&#8220;on|tablet&#8220; custom_padding=&#8220;||||false|false&#8220; custom_padding_tablet=&#8220;&#8220; custom_padding_phone=&#8220;0px||||false|false&#8220; global_colors_info=&#8220;{}&#8220;][et_pb_row column_structure=&#8220;2_5,3_5&#8243; make_equal=&#8220;on&#8220; _builder_version=&#8220;4.16&#8243; _module_preset=&#8220;default&#8220; global_colors_info=&#8220;{}&#8220;][et_pb_column type=&#8220;2_5&#8243; _builder_version=&#8220;4.16&#8243; _module_preset=&#8220;default&#8220; background_color=&#8220;gcid-96b88229-da64-4f14-afa5-f3d47a8141ef&#8220; custom_padding=&#8220;50px||50px|20px|false|false&#8220; custom_padding_tablet=&#8220;40px|20px|30px|20px|false|false&#8220; custom_padding_phone=&#8220;20px|30px|||false|false&#8220; custom_padding_last_edited=&#8220;on|phone&#8220; global_colors_info=&#8220;{%22gcid-0ed248c1-eb15-4424-954a-cbcb8467f2ad%22:%91%93,%22gcid-96b88229-da64-4f14-afa5-f3d47a8141ef%22:%91%22background_color%22%93}&#8220;][et_pb_text content_tablet=&#8220;<\/p>\n<h3>Einblicke. Antworten. Chancen.<\/h3>\n<\/p>\n<p>Die M\u00f6glichkeiten moderner Technologien entwickeln sich st\u00e4ndig weiter \u2013 erlauben immer tiefere Einblicke, ein immer pr\u00e4ziseres Verst\u00e4ndnis und damit immer bessere Chancen f\u00fcr Vorbeugung und Heilung.<\/p>\n<p>Der Facharzt f\u00fcr Radiologie verf\u00fcgt heute \u00fcber eine Palette von M\u00f6glichkeiten, um auf schonende Art Einblicke in das K\u00f6rperinnere zu gewinnen und so zur Abkl\u00e4rung von Krankheitsursachen und Krankheitsauswirkungen beizutragen.<\/p>\n<p>&#8220; content_phone=&#8220;<\/p>\n<h3>Einblicke. <br \/>Antworten. <br \/>Chancen.<\/h3>\n<\/p>\n<p>Die M\u00f6glichkeiten moderner Technologien entwickeln sich st\u00e4ndig weiter \u2013 erlauben immer tiefere Einblicke, ein immer pr\u00e4ziseres Verst\u00e4ndnis und damit immer bessere Chancen f\u00fcr Vorbeugung und Heilung.<\/p>\n<p>Der Facharzt f\u00fcr Radiologie verf\u00fcgt heute \u00fcber eine Palette von M\u00f6glichkeiten, um auf schonende Art Einblicke in das K\u00f6rperinnere zu gewinnen und so zur Abkl\u00e4rung von Krankheitsursachen und Krankheitsauswirkungen beizutragen.<\/p>\n<\/p>\n<p>&#8220; content_last_edited=&#8220;on|phone&#8220; admin_label=&#8220;Text &#8212; Headline + Intro&#8220; _builder_version=&#8220;4.16&#8243; _module_preset=&#8220;default&#8220; text_font=&#8220;||||||||&#8220; text_line_height=&#8220;1.5em&#8220; header_3_font=&#8220;|600|||||||&#8220; header_3_font_size=&#8220;20px&#8220; custom_margin=&#8220;||20px||false|false&#8220; custom_margin_tablet=&#8220;&#8220; custom_margin_phone=&#8220;||0px||false|false&#8220; custom_margin_last_edited=&#8220;on|phone&#8220; custom_padding=&#8220;80px|70px||40px|false|false&#8220; custom_padding_tablet=&#8220;40px|20px||20px|false|false&#8220; custom_padding_phone=&#8220;20px|10px||10px|false|false&#8220; custom_padding_last_edited=&#8220;on|phone&#8220; header_3_font_tablet=&#8220;&#8220; header_3_font_phone=&#8220;&#8220; header_3_font_last_edited=&#8220;on|desktop&#8220; header_3_text_align_tablet=&#8220;&#8220; header_3_text_align_phone=&#8220;&#8220; header_3_text_align_last_edited=&#8220;on|desktop&#8220; header_3_text_color_tablet=&#8220;&#8220; header_3_text_color_phone=&#8220;&#8220; header_3_text_color_last_edited=&#8220;on|desktop&#8220; header_3_font_size_tablet=&#8220;&#8220; header_3_font_size_phone=&#8220;&#8220; header_3_font_size_last_edited=&#8220;on|desktop&#8220; header_3_letter_spacing_tablet=&#8220;&#8220; header_3_letter_spacing_phone=&#8220;&#8220; header_3_letter_spacing_last_edited=&#8220;on|desktop&#8220; header_3_line_height_tablet=&#8220;&#8220; header_3_line_height_phone=&#8220;&#8220; header_3_line_height_last_edited=&#8220;on|desktop&#8220; global_colors_info=&#8220;{}&#8220;]<\/p>\n<h3>Einblicke. Antworten. Chancen.<\/h3>\n<p>&nbsp;<\/p>\n<p>Die M\u00f6glichkeiten moderner Technologien entwickeln sich st\u00e4ndig weiter \u2013 erlauben immer tiefere Einblicke, ein immer pr\u00e4ziseres Verst\u00e4ndnis und damit immer bessere Chancen f\u00fcr Vorbeugung und Heilung.<\/p>\n<p>Der Facharzt f\u00fcr Radiologie verf\u00fcgt heute \u00fcber eine Palette von M\u00f6glichkeiten, um auf schonende Art Einblicke in das K\u00f6rperinnere zu gewinnen und so zur Abkl\u00e4rung von Krankheitsursachen und Krankheitsauswirkungen beizutragen.<\/p>\n<p>&nbsp;<\/p>\n<p>[\/et_pb_text][\/et_pb_column][et_pb_column type=&#8220;3_5&#8243; _builder_version=&#8220;4.16&#8243; _module_preset=&#8220;default&#8220; global_colors_info=&#8220;{}&#8220;][et_pb_text content_last_edited=&#8220;off|desktop&#8220; _builder_version=&#8220;4.18.0&#8243; _module_preset=&#8220;default&#8220; text_line_height=&#8220;1.5em&#8220; header_3_font_size=&#8220;20px&#8220; custom_margin=&#8220;||20px||false|false&#8220; custom_padding=&#8220;||||false|false&#8220; header_3_font_size_tablet=&#8220;&#8220; header_3_font_size_phone=&#8220;17px&#8220; header_3_font_size_last_edited=&#8220;on|phone&#8220; header_3_letter_spacing_tablet=&#8220;&#8220; header_3_letter_spacing_phone=&#8220;&#8220; header_3_letter_spacing_last_edited=&#8220;on|desktop&#8220; header_3_line_height_tablet=&#8220;&#8220; header_3_line_height_phone=&#8220;1.3em&#8220; header_3_line_height_last_edited=&#8220;on|desktop&#8220; global_colors_info=&#8220;{}&#8220;]<\/p>\n<h3>Erfahrung.<\/h3>\n<p>Das IDR ist ein gesellschaftlicher Zusammenschluss von Fach\u00e4rzten, die regional ambulant und station\u00e4r mit kassen\u00e4rztlichem und privat\u00e4rztlichem Status auf dem Gebiet der gesamten Diagnostischen Radiologie t\u00e4tig sind.<\/p>\n<p>Das Institut f\u00fcr Radiologische Diagnostik, IDR Freiburg, wurde 1998 gegr\u00fcndet und geht historisch aus der Praxis Dr. F\u00fcrmaier (gegr\u00fcndet 1980) hervor. Hauptsitz des IDR ist in Freiburg in der Gartenstra\u00dfe 28. Zus\u00e4tzliche Praxisr\u00e4ume befinden sich am Kurpark in Bad Krozingen.<\/p>\n<h3>Qualit\u00e4t.<\/h3>\n<p>Landesweit war das IDR eines der ersten Institute, welches ausnahmslos auf digitale Untersuchungs- und Dokumentationstechniken umgestellt hat. So konnte bereits damals eine Steigerung der Bildqualit\u00e4t und gleichzeitig eine Reduktion der Strahlenbelastung f\u00fcr unsere Patienten erreicht werden.<\/p>\n<p>Das IDR ist technisch auf dem modernsten Stand, voll digitalisiert und vernetzt. Dieser Umstand ist Voraussetzung f\u00fcr eine schnelle Kommunikation zwischen den Spezialisten. Bilddaten sind bei Bedarf \u2013 auch \u00fcber Distanzen hinweg \u2013 sofort verf\u00fcgbar.<\/p>\n<h3>Patientenn\u00e4he.<\/h3>\n<p>Wo immer es uns m\u00f6glich ist, setzen wir strahlungsfreie Untersuchungstechniken wie z.B. die Magnet-Resonanz-Tomographie (MRT) ein. Sollte dies nicht m\u00f6glich sein, werden besonders strahlungsarme Alternativmethoden eingesetzt.<br \/>Auf unserer Webseite finden Sie ausf\u00fchrliche Informationen zu unserem <a href=\"https:\/\/www.idr-freiburg.de\/content\/leistungsangebot\/\">Leistungsspektrum<\/a>, Antworten auf h\u00e4ufige Fragen zu den Untersuchungen sowie Wissenswertes rund um die radiologische Diagnostik.<\/p>\n<p>[\/et_pb_text][\/et_pb_column][\/et_pb_row][\/et_pb_section]<\/p>\n","protected":false},"excerpt":{"rendered":"<p><div class=\"et_pb_module dvmd_image_box dvmd_image_box_0 dvmd_ib_version_2_0_1\">\n\t\t\t\t\n\t\t\t\t\n\t\t\t\t\n\t\t\t\t\n\t\t\t\t\n\t\t\t\t\n\t\t\t\t<div class=\"et_pb_module_inner\">\n\t\t\t\t\t<div class=\"dvmd_ib_image\"><span role=\"figure\" aria-label=\"IDR-TopMotiv-iStock-638646824-ArztGruppe-TopView\" aria-description=\"Radiologen im IDR\" class=\"dvmd_ib_image_wrap\"><img decoding=\"async\" src=\"https:\/\/www.idr-freiburg.de\/content\/wp-content\/uploads\/2021\/02\/IDR-TopMotiv-iStock-638646824-ArztGruppe-TopView.jpg\" title=\"IDR-TopMotiv-iStock-638646824-ArztGruppe-TopView\" alt=\"Radiologen im IDR\" srcset=\"https:\/\/www.idr-freiburg.de\/content\/wp-content\/uploads\/2021\/02\/IDR-TopMotiv-iStock-638646824-ArztGruppe-TopView.jpg 1600w, https:\/\/www.idr-freiburg.de\/content\/wp-content\/uploads\/2021\/02\/IDR-TopMotiv-iStock-638646824-ArztGruppe-TopView-1280x840.jpg 1280w, https:\/\/www.idr-freiburg.de\/content\/wp-content\/uploads\/2021\/02\/IDR-TopMotiv-iStock-638646824-ArztGruppe-TopView-980x643.jpg 980w, https:\/\/www.idr-freiburg.de\/content\/wp-content\/uploads\/2021\/02\/IDR-TopMotiv-iStock-638646824-ArztGruppe-TopView-480x315.jpg 480w\" sizes=\"(min-width: 0px) and (max-width: 480px) 480px, (min-width: 481px) and (max-width: 980px) 980px, (min-width: 981px) and (max-width: 1280px) 1280px, (min-width: 1281px) 1600px, 100vw\" \/><\/span><\/div>\n\t\t\t\t<\/div>\n\t\t\t<\/div>IDR. Seit 1980.Einblicke. Antworten. Chancen. &nbsp; Die M\u00f6glichkeiten moderner Technologien entwickeln sich st\u00e4ndig weiter \u2013 erlauben immer tiefere Einblicke, ein immer pr\u00e4ziseres Verst\u00e4ndnis und damit immer bessere Chancen f\u00fcr Vorbeugung und Heilung. Der Facharzt f\u00fcr Radiologie verf\u00fcgt heute \u00fcber eine Palette von M\u00f6glichkeiten, um auf schonende Art Einblicke in das K\u00f6rperinnere zu gewinnen und so zur Abkl\u00e4rung von Krankheitsursachen und Krankheitsauswirkungen beizutragen. &nbsp;Erfahrung. Das IDR ist ein gesellschaftlicher Zusammenschluss von Fach\u00e4rzten, die regional ambulant und station\u00e4r mit kassen\u00e4rztlichem und privat\u00e4rztlichem Status auf dem Gebiet der gesamten Diagnostischen Radiologie t\u00e4tig sind. Das Institut f\u00fcr Radiologische Diagnostik, IDR Freiburg, wurde 1998 gegr\u00fcndet und geht historisch aus der Praxis Dr. F\u00fcrmaier (gegr\u00fcndet 1980) hervor. Hauptsitz des IDR ist in Freiburg in der Gartenstra\u00dfe 28. Zus\u00e4tzliche Praxisr\u00e4ume befinden sich am Kurpark in Bad Krozingen. Qualit\u00e4t. Landesweit war das IDR eines der ersten Institute, welches ausnahmslos auf digitale Untersuchungs- und Dokumentationstechniken umgestellt hat. So konnte bereits damals eine Steigerung der Bildqualit\u00e4t und gleichzeitig eine Reduktion der Strahlenbelastung f\u00fcr unsere Patienten erreicht werden. Das IDR ist technisch auf dem modernsten Stand, voll digitalisiert und vernetzt. [&hellip;]<\/p>\n","protected":false},"author":2,"featured_media":0,"parent":223629,"menu_order":0,"comment_status":"closed","ping_status":"closed","template":"","meta":{"_et_pb_use_builder":"on","_et_pb_old_content":"","_et_gb_content_width":"","footnotes":""},"class_list":["post-223619","page","type-page","status-publish","hentry"],"_links":{"self":[{"href":"https:\/\/www.idr-freiburg.de\/content\/wp-json\/wp\/v2\/pages\/223619","targetHints":{"allow":["GET"]}}],"collection":[{"href":"https:\/\/www.idr-freiburg.de\/content\/wp-json\/wp\/v2\/pages"}],"about":[{"href":"https:\/\/www.idr-freiburg.de\/content\/wp-json\/wp\/v2\/types\/page"}],"author":[{"embeddable":true,"href":"https:\/\/www.idr-freiburg.de\/content\/wp-json\/wp\/v2\/users\/2"}],"replies":[{"embeddable":true,"href":"https:\/\/www.idr-freiburg.de\/content\/wp-json\/wp\/v2\/comments?post=223619"}],"version-history":[{"count":0,"href":"https:\/\/www.idr-freiburg.de\/content\/wp-json\/wp\/v2\/pages\/223619\/revisions"}],"up":[{"embeddable":true,"href":"https:\/\/www.idr-freiburg.de\/content\/wp-json\/wp\/v2\/pages\/223629"}],"wp:attachment":[{"href":"https:\/\/www.idr-freiburg.de\/content\/wp-json\/wp\/v2\/media?parent=223619"}],"curies":[{"name":"wp","href":"https:\/\/api.w.org\/{rel}","templated":true}]}}